{"id":336,"date":"2017-02-21T06:15:03","date_gmt":"2017-02-21T06:15:03","guid":{"rendered":"http:\/\/ceak.org.br\/ceak\/?page_id=336"},"modified":"2025-04-02T08:01:15","modified_gmt":"2025-04-02T11:01:15","slug":"diretoria","status":"publish","type":"page","link":"https:\/\/ceak.org.br\/ceak\/diretoria\/","title":{"rendered":"Diretoria"},"content":{"rendered":"[vc_row][vc_column][vc_column_text]\n<h1>Composi\u00e7\u00e3o da atual diretoria<\/h1>\n[\/vc_column_text][\/vc_column][\/vc_row][vc_row][vc_column][vc_column_text]\n<table>\n<tbody>\n<tr>\n<th style=\"height: 45px; padding: 15px;\">\n<h4>NOME<\/h4>\n<\/th>\n<th style=\"padding: 15px;\">\n<h4>CARGO<\/h4>\n<\/th>\n<th style=\"padding: 15px;\">\n<h4>MANDATO<\/h4>\n<\/th>\n<\/tr>\n<tr style=\"height: 65px;\">\n<td style=\"padding: 15px;\">Paulo Edson Figueiredo Pontes<\/td>\n<td style=\"padding: 15px;\">Presidente<\/td>\n<td style=\"padding: 15px;\">01\/03\/2025 a 29\/02\/2028<\/td>\n<\/tr>\n<tr style=\"height: 65px;\">\n<td style=\"padding: 15px;\">Wilson In\u00e1cio Lemos<\/td>\n<td style=\"padding: 15px;\">Vice-Presidente<\/td>\n<td style=\"padding: 15px;\">01\/03\/2025 a 29\/02\/2028<\/td>\n<\/tr>\n<tr style=\"height: 65px;\">\n<td style=\"padding: 15px;\">Cl\u00e1udio Roberto da Silva<\/td>\n<td style=\"padding: 15px;\">2\u00ba Vice-Presidente<\/td>\n<td style=\"padding: 15px;\">01\/03\/2025 a 29\/02\/2028<\/td>\n<\/tr>\n<tr style=\"height: 65px;\">\n<td style=\"padding: 15px;\">M\u00e1rcio Leandro Oliveira Jord\u00e3o<\/td>\n<td style=\"padding: 15px;\">Tesoureiro<\/td>\n<td style=\"padding: 15px;\">01\/03\/2025 a 29\/02\/2028<\/td>\n<\/tr>\n<tr style=\"height: 65px;\">\n<td style=\"padding: 15px;\">Sebasti\u00e3o Damacena Maia<\/td>\n<td style=\"padding: 15px;\">2\u00ba Tesoureiro<\/td>\n<td style=\"padding: 15px;\">01\/03\/2025 a 29\/02\/2028<\/td>\n<\/tr>\n<tr style=\"height: 65px;\">\n<td style=\"padding: 15px;\">Aline Andrietta<\/td>\n<td style=\"padding: 15px;\">Secret\u00e1ria<\/td>\n<td style=\"padding: 15px;\">01\/03\/2025 a 29\/02\/2028<\/td>\n<\/tr>\n<tr style=\"height: 65px;\">\n<td style=\"padding: 15px;\">Jacqueline De Blasi<\/td>\n<td style=\"padding: 15px;\">2\u00ba Secret\u00e1ria<\/td>\n<td style=\"padding: 15px;\">01\/03\/2025 a 29\/02\/2028<\/td>\n<\/tr>\n<tr style=\"height: 65px;\">\n<td style=\"padding: 15px;\">Ot\u00e1vio Valente Filho<\/td>\n<td style=\"padding: 15px;\">Suplente Diretoria Executiva<\/td>\n<td style=\"padding: 15px;\">01\/03\/2025 a 29\/02\/2028<\/td>\n<\/tr>\n<tr style=\"height: 65px;\">\n<td style=\"padding: 15px;\">Wagner de Assis Quintino<\/td>\n<td style=\"padding: 15px;\">Suplente Diretoria Executiva<\/td>\n<td style=\"padding: 15px;\">01\/03\/2025 a 29\/02\/2028<\/td>\n<\/tr>\n<tr style=\"height: 65px;\">\n<td style=\"padding: 15px;\">Luiz Carlos Ferreira Alves<\/td>\n<td style=\"padding: 15px;\">Suplente Diretoria Executiva<\/td>\n<td style=\"padding: 15px;\">01\/03\/2025 a 29\/02\/2028<\/td>\n<\/tr>\n<tr style=\"height: 65px;\">\n<td style=\"padding: 15px;\">Alcides Carlos Bianchi<\/td>\n<td style=\"padding: 15px;\">Suplente Diretoria Executiva<\/td>\n<td style=\"padding: 15px;\">01\/03\/2025 a 29\/02\/2028<\/td>\n<\/tr>\n<tr style=\"height: 65px;\">\n<td style=\"padding: 15px;\">Jason Ribeiro Magalh\u00e3es<\/td>\n<td style=\"padding: 15px;\">Conselho Fiscal<\/td>\n<td style=\"padding: 15px;\">01\/03\/2025 a 29\/02\/2028<\/td>\n<\/tr>\n<tr style=\"height: 65px;\">\n<td style=\"padding: 15px;\">Claudio Barbosa de Oliveira<\/td>\n<td style=\"padding: 15px;\">Conselho Fiscal<\/td>\n<td style=\"padding: 15px;\">01\/03\/2025 a 29\/02\/2028<\/td>\n<\/tr>\n<tr style=\"height: 65px;\">\n<td style=\"padding: 15px;\">Miriam Cristine Forti<\/td>\n<td style=\"padding: 15px;\">Conselho Fiscal<\/td>\n<td style=\"padding: 15px;\">01\/03\/2025 a 29\/02\/2028<\/td>\n<\/tr>\n<tr style=\"height: 65px;\">\n<td style=\"padding: 15px;\">H\u00e9lio da Rocha<\/td>\n<td style=\"padding: 15px;\">Suplente do Conselho Fiscal<\/td>\n<td style=\"padding: 15px;\">01\/03\/2025 a 29\/02\/2028<\/td>\n<\/tr>\n<tr style=\"height: 65px;\">\n<td style=\"padding: 15px;\">Jos\u00e9 Eduardo De Paula Saran<\/td>\n<td style=\"padding: 15px;\">Suplente do Conselho Fiscal<\/td>\n<td style=\"padding: 15px;\">01\/03\/2025 a 29\/02\/2028<\/td>\n<\/tr>\n<\/tbody>\n<\/table>\n[\/vc_column_text][vc_empty_space height=&#8221;20px&#8221;][vc_column_text]\n<div><em>Conforme Artigo 37 do Estatuto Social do Centro Esp\u00edrita Allan Kardec, &#8220;Seus diretores, conselheiros e associados efetivos, n\u00e3o percebem remunera\u00e7\u00e3o, vantagens ou benef\u00edcios, direta ou indiretamente, por qualquer forma ou t\u00edtulo, em raz\u00e3o das compet\u00eancias, fun\u00e7\u00f5es ou atividades que lhes sejam atribu\u00eddas pelos respectivos atos constitutivos.&#8221;<\/em><\/div>\n<div><\/div>\n[\/vc_column_text][\/vc_column][\/vc_row][vc_row][vc_column][\/vc_column][\/vc_row]\n","protected":false},"excerpt":{"rendered":"[vc_row][vc_column][vc_column_text] Composi\u00e7\u00e3o da atual diretoria [\/vc_column_text][\/vc_column][\/vc_row][vc_row][vc_column][vc_column_text] NOME CARGO MANDATO Paulo Edson Figueiredo Pontes Presidente 01\/03\/2025 a 29\/02\/2028 Wilson In\u00e1cio Lemos Vice-Presidente 01\/03\/2025 a 29\/02\/2028 Cl\u00e1udio Roberto da Silva 2\u00ba Vice-Presidente 01\/03\/2025 a 29\/02\/2028 M\u00e1rcio Leandro Oliveira Jord\u00e3o Tesoureiro 01\/03\/2025 a 29\/02\/2028 Sebasti\u00e3o Damacena Maia 2\u00ba Tesoureiro 01\/03\/2025 a 29\/02\/2028 Aline Andrietta Secret\u00e1ria 01\/03\/2025 a 29\/02\/2028 [&hellip;]\n","protected":false},"author":1,"featured_media":0,"parent":0,"menu_order":0,"comment_status":"closed","ping_status":"closed","template":"page-blank-container.php","meta":[],"_links":{"self":[{"href":"https:\/\/ceak.org.br\/ceak\/wp-json\/wp\/v2\/pages\/336"}],"collection":[{"href":"https:\/\/ceak.org.br\/ceak\/wp-json\/wp\/v2\/pages"}],"about":[{"href":"https:\/\/ceak.org.br\/ceak\/wp-json\/wp\/v2\/types\/page"}],"author":[{"embeddable":true,"href":"https:\/\/ceak.org.br\/ceak\/wp-json\/wp\/v2\/users\/1"}],"replies":[{"embeddable":true,"href":"https:\/\/ceak.org.br\/ceak\/wp-json\/wp\/v2\/comments?post=336"}],"version-history":[{"count":10,"href":"https:\/\/ceak.org.br\/ceak\/wp-json\/wp\/v2\/pages\/336\/revisions"}],"predecessor-version":[{"id":19671,"href":"https:\/\/ceak.org.br\/ceak\/wp-json\/wp\/v2\/pages\/336\/revisions\/19671"}],"wp:attachment":[{"href":"https:\/\/ceak.org.br\/ceak\/wp-json\/wp\/v2\/media?parent=336"}],"curies":[{"name":"wp","href":"https:\/\/api.w.org\/{rel}","templated":true}]}}