{"id":434,"date":"2017-02-23T06:47:03","date_gmt":"2017-02-23T06:47:03","guid":{"rendered":"http:\/\/ceak.org.br\/ceak\/?page_id=434"},"modified":"2025-05-26T20:36:42","modified_gmt":"2025-05-26T23:36:42","slug":"assistencia-espiritual","status":"publish","type":"page","link":"https:\/\/ceak.org.br\/ceak\/assistencia-espiritual\/","title":{"rendered":"Assist\u00eancia Espiritual"},"content":{"rendered":"[vc_row][vc_column][vc_column_text]\n<h1>Assist\u00eancia Espiritual<\/h1>\n[\/vc_column_text][\/vc_column][\/vc_row][vc_row][vc_column width=&#8221;1\/2&#8243;][vc_column_text]Ao chegar ao centro esp\u00edrita, muitas pessoas buscam respostas para os momentos da vida. A Assist\u00eancia Espiritual \u00e9 a porta de entrada para as atividades do centro. Os visitantes s\u00e3o recepcionados por um volunt\u00e1rio, que n\u00e3o \u00e9 m\u00e9dium, respons\u00e1vel pelo acolhimento. Com uma conversa fraterna busca saber os motivos que trazem o visitante ao CEAK, esclarecer e confort\u00e1-lo de acordo com a doutrina esp\u00edrita.<\/p>\n<p>Ap\u00f3s essa chamada \u201cEntrevista ou Acolhimento Fraterno\u201d, o assistido \u00e9 encaminhado para a Prele\u00e7\u00e3o e, em seguida, ao Passe.<\/p>\n<h3>O que \u00e9 a Prele\u00e7\u00e3o?<\/h3>\n<p>Pequena palestra sobre os ensinamentos de Jesus baseada no \u201cO Evangelho, Segundo o Espiritismo\u201d, de Allan Kardec, cujos objetivos s\u00e3o: mudar o curso dos pensamentos aflitivos, levar \u00e0 reflex\u00e3o e preparar para o passe.<\/p>\n<h3>O que \u00e9 o Passe?<\/h3>\n<p>Transmiss\u00e3o, pela imposi\u00e7\u00e3o das m\u00e3os, de fluidos f\u00edsico-espirituais (sem toque) que acalmam, restauram as energias e proporcionam bem-estar. [\/vc_column_text][\/vc_column][vc_column width=&#8221;1\/2&#8243;][vc_single_image image=&#8221;435&#8243; img_size=&#8221;full&#8221; alignment=&#8221;right&#8221; style=&#8221;vc_box_shadow_3d&#8221; css_animation=&#8221;none&#8221;][\/vc_column][\/vc_row][vc_row][vc_column][vc_empty_space height=&#8221;15px&#8221;][vc_separator][vc_empty_space height=&#8221;15px&#8221;][\/vc_column][\/vc_row][vc_row][vc_column][vc_column_text]\n<h3>Hor\u00e1rios e locais de atendimento:<\/h3>\n[\/vc_column_text][\/vc_column][\/vc_row][vc_row][vc_column width=&#8221;1\/2&#8243;][vc_column_text]\n<h4><span style=\"color: #099ba3;\">CEAK Sede<\/span><\/h4>\n<p>Av. Irm\u00e3 Serafina, 674, Centro, Campinas.<br \/>\nTelefone: <strong><a href=\"tel:+551925148763\">(19) 2514-8763<\/a><\/strong><\/p>\n<p><strong><span style=\"color: #099ba3;\">Manh\u00e3: somente aos domingos<\/span><\/strong><br \/>\n8h: Recep\u00e7\u00e3o e Acolhimento Fraterno<br \/>\n8h30: Prele\u00e7\u00e3o com temas sobre os ensinamentos de Jesus e Passes<\/p>\n<p><strong><span style=\"color: #099ba3;\">Tarde: de segunda a sexta-feira<\/span><\/strong><br \/>\n13h15 &#8211; Recep\u00e7\u00e3o e Acolhimento Fraterno<br \/>\n14h &#8211; Prele\u00e7\u00e3o com temas sobre os ensinamentos de Jesus e Passes<\/p>\n<p><strong><span style=\"color: #099ba3;\">Noite: de segunda a sexta-feira\u2028<\/span><\/strong><br \/>\n19h &#8211; Recep\u00e7\u00e3o e Acolhimento Fraterno<br \/>\n20h &#8211; Prele\u00e7\u00e3o com temas sobre os ensinamentos de Jesus e Passes[\/vc_column_text][\/vc_column][vc_column width=&#8221;1\/2&#8243;][vc_gmaps link=&#8221;#E-8_JTNDaWZyYW1lJTIwc3JjJTNEJTIyaHR0cHMlM0ElMkYlMkZ3d3cuZ29vZ2xlLmNvbSUyRm1hcHMlMkZlbWJlZCUzRnBiJTNEJTIxMW0xOCUyMTFtMTIlMjExbTMlMjExZDM2NzUuMjA4NDY2MzcyMjUwMyUyMTJkLTQ3LjA1Nzc4NDk4NTI0MDg5JTIxM2QtMjIuOTA1NjgwNDg1MDEyMzE1JTIxMm0zJTIxMWYwJTIxMmYwJTIxM2YwJTIxM20yJTIxMWkxMDI0JTIxMmk3NjglMjE0ZjEzLjElMjEzbTMlMjExbTIlMjExczB4OTRjOGNmNGE1NDk4NzBjNyUyNTNBMHhkNzEwNzQzMDFkNGJmNjdmJTIxMnNSLiUyQklybSUyNUMzJTI1QTMlMkJTZXJhZmluYSUyNTJDJTJCNjc0JTJCLSUyQkNlbnRybyUyNTJDJTJCQ2FtcGluYXMlMkItJTJCU1AlMjUyQyUyQjEzMDE1LTIwMCUyMTVlMCUyMTNtMiUyMTFzcHQtQlIlMjEyc2JyJTIxNHYxNDg3ODMxOTIzNjAzJTIyJTIwd2lkdGglM0QlMjI2MDAlMjIlMjBoZWlnaHQlM0QlMjI0MDAlMjIlMjBmcmFtZWJvcmRlciUzRCUyMjAlMjIlMjBzdHlsZSUzRCUyMmJvcmRlciUzQTAlMjIlMjBhbGxvd2Z1bGxzY3JlZW4lM0UlM0MlMkZpZnJhbWUlM0U=&#8221;][\/vc_column][\/vc_row][vc_row][vc_column][vc_empty_space height=&#8221;15px&#8221;][vc_separator][vc_empty_space height=&#8221;15px&#8221;][\/vc_column][\/vc_row][vc_row][vc_column width=&#8221;1\/2&#8243;][vc_column_text]\n<h4><span style=\"color: #099ba3;\"> CEAK N\u00facleo Vila Nova <\/span><\/h4>\n<p>Av. Theodureto de Almeida Camargo, 750 \u2013 Vila Nova<br \/>\nPr\u00e9dio do Educand\u00e1rio Eur\u00edpedes, anexo \u00e0 padaria Bambini<\/p>\n<p>Telefones: <a href=\"tel:+551932423877\"><strong> (19) 3242-3877<\/strong> <\/a><br \/>\n(\u00e1rea administrativa &#8211; manh\u00e3 e tarde)<\/p>\n<p><a href=\"tel:+551925148728\"><strong> (19) 2514-8728<\/strong> <\/a><br \/>\n(\u00e1rea doutrin\u00e1ria &#8211; noite)<\/p>\n<p><strong><span style=\"color: #099ba3;\">Manh\u00e3: somente aos domingos<\/span><\/strong><br \/>\n8h: Recep\u00e7\u00e3o e Acolhimento Fraterno<br \/>\n8h15: Prele\u00e7\u00e3o com temas sobre os ensinamentos de Jesus e Passes<\/p>\n<p><strong><span style=\"color: #099ba3;\">Noite: de segunda \u00e0 sexta-feira\u2028<\/span><\/strong><br \/>\n19h &#8211; Recep\u00e7\u00e3o e Acolhimento Fraterno<br \/>\n20h &#8211; Prele\u00e7\u00e3o com temas sobre os ensinamentos de Jesus e Passes<\/p>\n<p><strong><span style=\"color: #099ba3;\">ATENDIMENTO A CRIAN\u00c7AS:<\/span><\/strong><\/p>\n<p><strong><span style=\"color: #099ba3;\">Manh\u00e3: somente aos domingos<\/span><\/strong><br \/>\n7h30: Recep\u00e7\u00e3o e Acolhimento Fraterno<br \/>\n8h15: Prele\u00e7\u00e3o com temas sobre os ensinamentos de Jesus e Passes<\/p>\n<p><strong><span style=\"color: #099ba3;\">Noite: somente \u00e0s ter\u00e7as-feiras<\/span><\/strong><br \/>\n19h: Recep\u00e7\u00e3o e Acolhimento Fraterno<br \/>\n19h40: Prele\u00e7\u00e3o com temas sobre os ensinamentos de Jesus e Passes[\/vc_column_text][\/vc_column][vc_column width=&#8221;1\/2&#8243;][vc_gmaps link=&#8221;#E-8_JTNDaWZyYW1lJTIwc3JjJTNEJTIyaHR0cHMlM0ElMkYlMkZ3d3cuZ29vZ2xlLmNvbSUyRm1hcHMlMkZlbWJlZCUzRnBiJTNEJTIxMW0xOCUyMTFtMTIlMjExbTMlMjExZDM2NzYuMTEyMjU3NDAzNzcxMyUyMTJkLTQ3LjA3MTY2Nzc4NTI0MTU3JTIxM2QtMjIuODcyMzExMTg1MDI5MjclMjEybTMlMjExZjAlMjEyZjAlMjEzZjAlMjEzbTIlMjExaTEwMjQlMjEyaTc2OCUyMTRmMTMuMSUyMTNtMyUyMTFtMiUyMTFzMHg5NGM4YzY2ZDE0YTE2YmI3JTI1M0EweDJmMGZmMDhmZWI0MTUwMGUlMjEyc0F2LiUyQkRyLiUyQlRoZW9kdXJldG8lMkJkZSUyQkFsbWVpZGElMkJDYW1hcmdvJTI1MkMlMkI3NTAlMkItJTJCVmlsYSUyQk5vdmElMjUyQyUyQkNhbXBpbmFzJTJCLSUyQlNQJTI1MkMlMkIxMzA3NS02MzAlMjE1ZTAlMjEzbTIlMjExc3B0LUJSJTIxMnNiciUyMTR2MTQ4NzgzMjAzNjk2MCUyMiUyMHdpZHRoJTNEJTIyNjAwJTIyJTIwaGVpZ2h0JTNEJTIyNDUwJTIyJTIwZnJhbWVib3JkZXIlM0QlMjIwJTIyJTIwc3R5bGUlM0QlMjJib3JkZXIlM0EwJTIyJTIwYWxsb3dmdWxsc2NyZWVuJTNFJTNDJTJGaWZyYW1lJTNF&#8221;][\/vc_column][\/vc_row][vc_row][vc_column][vc_empty_space height=&#8221;15px&#8221;][vc_separator][vc_empty_space height=&#8221;15px&#8221;][\/vc_column][\/vc_row][vc_row][vc_column width=&#8221;1\/2&#8243;][vc_column_text]\n<h4><span style=\"color: #099ba3;\"> CEAK &#8211; N\u00facleo Alvorada de Cristo <\/span><\/h4>\n<p>Rua do Professor, 292 \u2013 Jardim Proen\u00e7a<\/p>\n<p>Telefone: <a href=\"tel:+551932558840\"><strong> (19) 3255-8840 <\/strong> <\/a><\/p>\n<p><strong><span style=\"color: #099ba3;\">Manh\u00e3: somente aos domingos<\/span><\/strong><br \/>\n8h30: Recep\u00e7\u00e3o e Acolhimento Fraterno<br \/>\n9h: Prele\u00e7\u00e3o com temas sobre os ensinamentos de Jesus e Passes<\/p>\n<p><strong><span style=\"color: #099ba3;\">Noite: ter\u00e7a, quinta e sexta-feira\u2028<\/span><\/strong><br \/>\n19h30 &#8211; Recep\u00e7\u00e3o e Acolhimento Fraterno<br \/>\n20h &#8211; Prele\u00e7\u00e3o com temas sobre os ensinamentos de Jesus e Passes[\/vc_column_text][\/vc_column][vc_column width=&#8221;1\/2&#8243;][vc_gmaps link=&#8221;#E-8_JTNDaWZyYW1lJTIwc3JjJTNEJTIyaHR0cHMlM0ElMkYlMkZ3d3cuZ29vZ2xlLmNvbSUyRm1hcHMlMkZlbWJlZCUzRnBiJTNEJTIxMW0xOCUyMTFtMTIlMjExbTMlMjExZDM2NzQuNzc3MTEwMjYzMTMzNiUyMTJkLTQ3LjA0NDcxMDU4NTI0MDU0JTIxM2QtMjIuOTIxNTkwNTg1MDA0MzE3JTIxMm0zJTIxMWYwJTIxMmYwJTIxM2YwJTIxM20yJTIxMWkxMDI0JTIxMmk3NjglMjE0ZjEzLjElMjEzbTMlMjExbTIlMjExczB4OTRjOGNmMjBiZmY4NGQ1YiUyNTNBMHg1NDU4MGYxZTBiZTY5NTY1JTIxMnNSLiUyQmRvJTJCUHJvZi4lMjUyQyUyQjI5MiUyQi0lMkJKYXJkaW0lMkJQcm9lbmNhJTJCSSUyNTJDJTJCQ2FtcGluYXMlMkItJTJCU1AlMjUyQyUyQjEzMTAwLTQyMCUyMTVlMCUyMTNtMiUyMTFzcHQtQlIlMjEyc2JyJTIxNHYxNDg3ODMyNjg4NTIwJTIyJTIwd2lkdGglM0QlMjI2MDAlMjIlMjBoZWlnaHQlM0QlMjIzMjAlMjIlMjBmcmFtZWJvcmRlciUzRCUyMjAlMjIlMjBzdHlsZSUzRCUyMmJvcmRlciUzQTAlMjIlMjBhbGxvd2Z1bGxzY3JlZW4lM0UlM0MlMkZpZnJhbWUlM0U=&#8221;][\/vc_column][\/vc_row][vc_row][vc_column][vc_empty_space height=&#8221;15px&#8221;][vc_separator][vc_empty_space height=&#8221;15px&#8221;][\/vc_column][\/vc_row][vc_row][vc_column width=&#8221;1\/2&#8243;][vc_column_text]\n<h4><span style=\"color: #099ba3;\"> CEAK &#8211; N\u00facleo Sousas <\/span><\/h4>\n<p>Rua Maria Franco Salgado, 881 \u2013 Distrito de Sousas<\/p>\n<p>Telefone: <a href=\"tel:+551932582419\"><strong> (19) 3258-2419 <\/strong> <\/a><\/p>\n<p><strong><span style=\"color: #099ba3;\">Manh\u00e3: somente aos domingos<\/span><\/strong><\/p>\n<div>8h30 &#8211; Recep\u00e7\u00e3o e Acolhimento Fraterno<\/div>\n<div>9h &#8211; Prele\u00e7\u00e3o com temas sobre os ensinamentos de Jesus e Passe<\/div>\n<div>\n<p>&nbsp;<\/p>\n<p><strong><span style=\"color: #099ba3;\">Per\u00edodo Noturno: somente quintas-feiras<\/span><\/strong><\/p>\n<div>19h30 &#8211; Recep\u00e7\u00e3o e Acolhimento Fraterno<\/div>\n<div>20h &#8211; Prele\u00e7\u00e3o com temas sobre os ensinamentos de Jesus e Passe<\/div>\n<\/div>\n<div>\n<div><\/div>\n<\/div>\n[\/vc_column_text][\/vc_column][vc_column width=&#8221;1\/2&#8243;][vc_gmaps link=&#8221;#E-8_JTNDaWZyYW1lJTIwc3JjJTNEJTIyaHR0cHMlM0ElMkYlMkZ3d3cuZ29vZ2xlLmNvbSUyRm1hcHMlMkZlbWJlZCUzRnBiJTNEJTIxMW0xOCUyMTFtMTIlMjExbTMlMjExZDM2NzUuODYxNzE3OTQ2MzcyNyUyMTJkLTQ2Ljk2NzMzOTc4NTI0MTQyJTIxM2QtMjIuODgxNTY2MDg1MDI0NjE2JTIxMm0zJTIxMWYwJTIxMmYwJTIxM2YwJTIxM20yJTIxMWkxMDI0JTIxMmk3NjglMjE0ZjEzLjElMjEzbTMlMjExbTIlMjExczB4OTRjOGQwM2EwN2ViNzZlZiUyNTNBMHhjN2FhM2VhZDc0MGE3MmQzJTIxMnNDZW50cm8lMkJFc3AlMjVDMyUyNUFEcml0YSUyQkFsbGFuJTJCS2FyZGVjJTIxNWUwJTIxM20yJTIxMXNwdC1CUiUyMTJzYnIlMjE0djE0ODc4MzI5MjE4NzAlMjIlMjB3aWR0aCUzRCUyMjYwMCUyMiUyMGhlaWdodCUzRCUyMjM0MCUyMiUyMGZyYW1lYm9yZGVyJTNEJTIyMCUyMiUyMHN0eWxlJTNEJTIyYm9yZGVyJTNBMCUyMiUyMGFsbG93ZnVsbHNjcmVlbiUzRSUzQyUyRmlmcmFtZSUzRQ==&#8221;][\/vc_column][\/vc_row][vc_row][vc_column][vc_empty_space height=&#8221;15px&#8221;][vc_separator][vc_empty_space height=&#8221;15px&#8221;][\/vc_column][\/vc_row][vc_row][vc_column][vc_column_text]Essa atividade \u00e9 espec\u00edfica para assist\u00eancia espiritual. Para informa\u00e7\u00f5es sobre a educa\u00e7\u00e3o esp\u00edrita infantil <a href=\"\/ceak\/cursos\/#criancas\">clique aqui <\/a>[\/vc_column_text][\/vc_column][\/vc_row]\n","protected":false},"excerpt":{"rendered":"[vc_row][vc_column][vc_column_text] Assist\u00eancia Espiritual [\/vc_column_text][\/vc_column][\/vc_row][vc_row][vc_column width=&#8221;1\/2&#8243;][vc_column_text]Ao chegar ao centro esp\u00edrita, muitas pessoas buscam respostas para os momentos da vida. A Assist\u00eancia Espiritual \u00e9 a porta de entrada para as atividades do centro. Os visitantes s\u00e3o recepcionados por um volunt\u00e1rio, que n\u00e3o \u00e9 m\u00e9dium, respons\u00e1vel pelo acolhimento. Com uma conversa fraterna busca saber os motivos que trazem [&hellip;]\n","protected":false},"author":1,"featured_media":0,"parent":0,"menu_order":0,"comment_status":"closed","ping_status":"closed","template":"page-blank-container.php","meta":[],"_links":{"self":[{"href":"https:\/\/ceak.org.br\/ceak\/wp-json\/wp\/v2\/pages\/434"}],"collection":[{"href":"https:\/\/ceak.org.br\/ceak\/wp-json\/wp\/v2\/pages"}],"about":[{"href":"https:\/\/ceak.org.br\/ceak\/wp-json\/wp\/v2\/types\/page"}],"author":[{"embeddable":true,"href":"https:\/\/ceak.org.br\/ceak\/wp-json\/wp\/v2\/users\/1"}],"replies":[{"embeddable":true,"href":"https:\/\/ceak.org.br\/ceak\/wp-json\/wp\/v2\/comments?post=434"}],"version-history":[{"count":19,"href":"https:\/\/ceak.org.br\/ceak\/wp-json\/wp\/v2\/pages\/434\/revisions"}],"predecessor-version":[{"id":19914,"href":"https:\/\/ceak.org.br\/ceak\/wp-json\/wp\/v2\/pages\/434\/revisions\/19914"}],"wp:attachment":[{"href":"https:\/\/ceak.org.br\/ceak\/wp-json\/wp\/v2\/media?parent=434"}],"curies":[{"name":"wp","href":"https:\/\/api.w.org\/{rel}","templated":true}]}}