{"id":454,"date":"2017-03-08T01:37:28","date_gmt":"2017-03-08T01:37:28","guid":{"rendered":"http:\/\/ceak.org.br\/ceak\/?page_id=454"},"modified":"2023-11-30T12:11:39","modified_gmt":"2023-11-30T15:11:39","slug":"atendimento-fraterno","status":"publish","type":"page","link":"https:\/\/ceak.org.br\/ceak\/atendimento-fraterno\/","title":{"rendered":"Atendimento fraterno"},"content":{"rendered":"[vc_row][vc_column][vc_column_text]\n<h1>Atendimento fraterno<\/h1>\n[\/vc_column_text][\/vc_column][\/vc_row][vc_row][vc_column width=&#8221;1\/2&#8243;][vc_single_image image=&#8221;455&#8243; img_size=&#8221;full&#8221; style=&#8221;vc_box_shadow_3d&#8221; css_animation=&#8221;none&#8221;][\/vc_column][vc_column width=&#8221;1\/2&#8243;][vc_column_text]\n<h3>Assist\u00eancia Espiritual para as crian\u00e7as<\/h3>\n<p>Dia e hor\u00e1rio dedicado para recep\u00e7\u00e3o \u00e0s crian\u00e7as (at\u00e9 12 anos) e suas fam\u00edlias que desejam receber a assist\u00eancia espiritual atrav\u00e9s do acolhimento fraterno, prele\u00e7\u00e3o e passes.<\/p>\n<p>Essa atividade \u00e9 espec\u00edfica para assist\u00eancia espiritual.[\/vc_column_text][\/vc_column][\/vc_row][vc_row][vc_column][vc_empty_space height=&#8221;15px&#8221;][vc_separator][vc_empty_space height=&#8221;15px&#8221;][\/vc_column][\/vc_row][vc_row][vc_column][vc_column_text]\n<h3>Hor\u00e1rios e locais de atendimento:<\/h3>\n[\/vc_column_text][\/vc_column][\/vc_row][vc_row][vc_column width=&#8221;1\/2&#8243;][vc_column_text]\n<h4><span style=\"color: #099ba3;\">CEAK Sede<\/span><\/h4>\n<p>Av. Irm\u00e3 Serafina, 674, Centro, Campinas.<br \/>\nTelefone: <strong><a href=\"tel:+551925148763\">(19) 2514-8763<\/a><\/strong><\/p>\n<p><strong><span style=\"color: #099ba3;\">Segundas-feiras 19h<\/span><\/strong>[\/vc_column_text][\/vc_column][vc_column width=&#8221;1\/2&#8243;][vc_gmaps link=&#8221;#E-8_JTNDaWZyYW1lJTIwc3JjJTNEJTIyaHR0cHMlM0ElMkYlMkZ3d3cuZ29vZ2xlLmNvbSUyRm1hcHMlMkZlbWJlZCUzRnBiJTNEJTIxMW0xOCUyMTFtMTIlMjExbTMlMjExZDM2NzUuMjA4NDY2MzcyMjUwMyUyMTJkLTQ3LjA1Nzc4NDk4NTI0MDg5JTIxM2QtMjIuOTA1NjgwNDg1MDEyMzE1JTIxMm0zJTIxMWYwJTIxMmYwJTIxM2YwJTIxM20yJTIxMWkxMDI0JTIxMmk3NjglMjE0ZjEzLjElMjEzbTMlMjExbTIlMjExczB4OTRjOGNmNGE1NDk4NzBjNyUyNTNBMHhkNzEwNzQzMDFkNGJmNjdmJTIxMnNSLiUyQklybSUyNUMzJTI1QTMlMkJTZXJhZmluYSUyNTJDJTJCNjc0JTJCLSUyQkNlbnRybyUyNTJDJTJCQ2FtcGluYXMlMkItJTJCU1AlMjUyQyUyQjEzMDE1LTIwMCUyMTVlMCUyMTNtMiUyMTFzcHQtQlIlMjEyc2JyJTIxNHYxNDg3ODMxOTIzNjAzJTIyJTIwd2lkdGglM0QlMjI2MDAlMjIlMjBoZWlnaHQlM0QlMjIyMDAlMjIlMjBmcmFtZWJvcmRlciUzRCUyMjAlMjIlMjBzdHlsZSUzRCUyMmJvcmRlciUzQTAlMjIlMjBhbGxvd2Z1bGxzY3JlZW4lM0UlM0MlMkZpZnJhbWUlM0U=&#8221;][\/vc_column][\/vc_row][vc_row][vc_column][vc_empty_space height=&#8221;15px&#8221;][vc_separator][vc_empty_space height=&#8221;15px&#8221;][\/vc_column][\/vc_row][vc_row][vc_column width=&#8221;1\/2&#8243;][vc_column_text]\n<h4><span style=\"color: #099ba3;\"> CEAK N\u00facleo Vila Nova <\/span><\/h4>\n<p>Av. Theodureto de Almeida Camargo, 750 \u2013 Vila Nova<br \/>\nPr\u00e9dio do Educand\u00e1rio Eur\u00edpedes, anexo \u00e0 padaria Bambini<\/p>\n<p>Telefones: <a href=\"tel:+551932423877\"><strong> (19) 3242-3877<\/strong> <\/a><br \/>\n(\u00e1rea administrativa &#8211; manh\u00e3 e tarde)<\/p>\n<p><a href=\"tel:+551925148728\"><strong> (19) 2514-8728<\/strong> <\/a><br \/>\n(\u00e1rea doutrin\u00e1ria &#8211; noite)<\/p>\n<p><strong><span style=\"color: #099ba3;\">Ter\u00e7as-feiras, \u00e0s 19h\u00a0\u2013 Recep\u00e7\u00e3o e Acolhimento Fraterno<br \/>\n19h40 \u2013 Prele\u00e7\u00e3o com temas sobre os ensinamentos de Jesus e Passe<\/span><\/strong><\/p>\n<p><strong><span style=\"color: #099ba3;\">Domingos, \u00e0s 7h30 \u2013 Recep\u00e7\u00e3o e Acolhimento Fraterno<br \/>\n8h15 \u2013 Prele\u00e7\u00e3o com temas sobre os ensinamentos de Jesus e Passe<\/span><\/strong>[\/vc_column_text][\/vc_column][vc_column width=&#8221;1\/2&#8243;][vc_gmaps link=&#8221;#E-8_JTNDaWZyYW1lJTIwc3JjJTNEJTIyaHR0cHMlM0ElMkYlMkZ3d3cuZ29vZ2xlLmNvbSUyRm1hcHMlMkZlbWJlZCUzRnBiJTNEJTIxMW0xOCUyMTFtMTIlMjExbTMlMjExZDM2NzYuMTEyMjU3NDAzNzcxMyUyMTJkLTQ3LjA3MTY2Nzc4NTI0MTU3JTIxM2QtMjIuODcyMzExMTg1MDI5MjclMjEybTMlMjExZjAlMjEyZjAlMjEzZjAlMjEzbTIlMjExaTEwMjQlMjEyaTc2OCUyMTRmMTMuMSUyMTNtMyUyMTFtMiUyMTFzMHg5NGM4YzY2ZDE0YTE2YmI3JTI1M0EweDJmMGZmMDhmZWI0MTUwMGUlMjEyc0F2LiUyQkRyLiUyQlRoZW9kdXJldG8lMkJkZSUyQkFsbWVpZGElMkJDYW1hcmdvJTI1MkMlMkI3NTAlMkItJTJCVmlsYSUyQk5vdmElMjUyQyUyQkNhbXBpbmFzJTJCLSUyQlNQJTI1MkMlMkIxMzA3NS02MzAlMjE1ZTAlMjEzbTIlMjExc3B0LUJSJTIxMnNiciUyMTR2MTQ4NzgzMjAzNjk2MCUyMiUyMHdpZHRoJTNEJTIyNjAwJTIyJTIwaGVpZ2h0JTNEJTIyMjcwJTIyJTIwZnJhbWVib3JkZXIlM0QlMjIwJTIyJTIwc3R5bGUlM0QlMjJib3JkZXIlM0EwJTIyJTIwYWxsb3dmdWxsc2NyZWVuJTNFJTNDJTJGaWZyYW1lJTNF&#8221;][\/vc_column][\/vc_row][vc_row][vc_column][vc_empty_space height=&#8221;15px&#8221;][vc_separator][vc_empty_space height=&#8221;15px&#8221;][\/vc_column][\/vc_row][vc_row][vc_column width=&#8221;1\/2&#8243;][vc_single_image image=&#8221;456&#8243; img_size=&#8221;full&#8221; style=&#8221;vc_box_shadow_3d&#8221; css_animation=&#8221;none&#8221;][\/vc_column][vc_column width=&#8221;1\/2&#8243;][vc_column_text]\n<h3>Assist\u00eancia Espiritual para Enfermos F\u00edsicos<\/h3>\n<p>Visa dar apoio espiritual \u00e0s pessoas que est\u00e3o sob tratamento m\u00e9dico, aguardando ou recuperando-se de cirurgias, ou possuidoras de doen\u00e7as cr\u00f4nicas e\/ou terminais. Trata-se de um tratamento de apoio e n\u00e3o um trabalho de cura. Nunca dispensamos o tratamento m\u00e9dico.[\/vc_column_text][\/vc_column][\/vc_row][vc_row][vc_column][vc_empty_space height=&#8221;15px&#8221;][vc_separator][vc_empty_space height=&#8221;15px&#8221;][\/vc_column][\/vc_row][vc_row][vc_column][vc_column_text]\n<h3>Hor\u00e1rio e local de atendimento:<\/h3>\n[\/vc_column_text][\/vc_column][\/vc_row][vc_row][vc_column width=&#8221;1\/2&#8243;][vc_column_text]\n<h4><span style=\"color: #099ba3;\">CEAK Sede<\/span><\/h4>\n<p>Av. Irm\u00e3 Serafina, 674, Centro, Campinas.<\/p>\n<p><strong><span style=\"color: #099ba3;\"> Quintas-feiras, \u00e0s 19h15<\/span><\/strong><\/p>\n<p>Informa\u00e7\u00f5es: <a href=\"mailto:cae@ceak.org.br\">cae@ceak.org.br<\/a> ou Fone:\u00a0<a href=\"tel:+551925148763\">(19) 2514-8763<\/a>[\/vc_column_text][\/vc_column][vc_column width=&#8221;1\/2&#8243;][vc_gmaps link=&#8221;#E-8_JTNDaWZyYW1lJTIwc3JjJTNEJTIyaHR0cHMlM0ElMkYlMkZ3d3cuZ29vZ2xlLmNvbSUyRm1hcHMlMkZlbWJlZCUzRnBiJTNEJTIxMW0xOCUyMTFtMTIlMjExbTMlMjExZDM2NzUuMjA4NDY2MzcyMjUwMyUyMTJkLTQ3LjA1Nzc4NDk4NTI0MDg5JTIxM2QtMjIuOTA1NjgwNDg1MDEyMzE1JTIxMm0zJTIxMWYwJTIxMmYwJTIxM2YwJTIxM20yJTIxMWkxMDI0JTIxMmk3NjglMjE0ZjEzLjElMjEzbTMlMjExbTIlMjExczB4OTRjOGNmNGE1NDk4NzBjNyUyNTNBMHhkNzEwNzQzMDFkNGJmNjdmJTIxMnNSLiUyQklybSUyNUMzJTI1QTMlMkJTZXJhZmluYSUyNTJDJTJCNjc0JTJCLSUyQkNlbnRybyUyNTJDJTJCQ2FtcGluYXMlMkItJTJCU1AlMjUyQyUyQjEzMDE1LTIwMCUyMTVlMCUyMTNtMiUyMTFzcHQtQlIlMjEyc2JyJTIxNHYxNDg3ODMxOTIzNjAzJTIyJTIwd2lkdGglM0QlMjI2MDAlMjIlMjBoZWlnaHQlM0QlMjIyMDAlMjIlMjBmcmFtZWJvcmRlciUzRCUyMjAlMjIlMjBzdHlsZSUzRCUyMmJvcmRlciUzQTAlMjIlMjBhbGxvd2Z1bGxzY3JlZW4lM0UlM0MlMkZpZnJhbWUlM0U=&#8221;][\/vc_column][\/vc_row][vc_row][vc_column][vc_empty_space height=&#8221;15px&#8221;][vc_separator][vc_empty_space height=&#8221;15px&#8221;][\/vc_column][\/vc_row][vc_row][vc_column width=&#8221;1\/2&#8243;][vc_single_image image=&#8221;461&#8243; img_size=&#8221;full&#8221; style=&#8221;vc_box_shadow_3d&#8221; css_animation=&#8221;none&#8221;][\/vc_column][vc_column width=&#8221;1\/2&#8243;][vc_column_text]\n<h3>Assist\u00eancia Espiritual para os Dependentes Qu\u00edmicos<\/h3>\n<p>Criado em setembro de 1986, o Grupo de Apoio \u00e0 Sobriedade (GAS) tem como finalidade acolher pessoas que se tornaram dependentes de algum v\u00edcio e, atrav\u00e9s da assist\u00eancia espiritual, possibilitar um maior equil\u00edbrio f\u00edsico, ps\u00edquico e espiritual. O programa estende-se tamb\u00e9m aos seus familiares, pois \u00e9 muito comum a fam\u00edlia se desestruturar na circunst\u00e2ncia de um dos seus membros se tornar dependente, sobretudo quando do uso do \u00e1lcool ou das drogas.<\/p>\n<p>Dependentes e familiares s\u00e3o atendidos no acolhimento fraterno, prele\u00e7\u00e3o e fluidoterapia atrav\u00e9s dos passes. \u00c9 sempre destacada a import\u00e2ncia da manuten\u00e7\u00e3o do tratamento m\u00e9dico e o complemento atrav\u00e9s de institui\u00e7\u00f5es especializadas como os Narc\u00f3ticos An\u00f4nimos, AA &#8211; Alco\u00f3licos An\u00f4nimos, Amor Exigente e outros.<br \/>\n[\/vc_column_text][\/vc_column][\/vc_row][vc_row][vc_column][vc_empty_space height=&#8221;15px&#8221;][vc_separator][vc_empty_space height=&#8221;15px&#8221;][\/vc_column][\/vc_row][vc_row][vc_column][vc_column_text]\n<h3>Hor\u00e1rio e local de atendimento:<\/h3>\n[\/vc_column_text][\/vc_column][\/vc_row][vc_row][vc_column width=&#8221;1\/2&#8243;][vc_column_text]\n<h4><span style=\"color: #099ba3;\">CEAK Sede<\/span><\/h4>\n<p>Av. Irm\u00e3 Serafina, 674, Centro, Campinas.<\/p>\n<p><strong><span style=\"color: #099ba3;\">Quartas-feiras, \u00e0s 19h<\/span><\/strong><\/p>\n<p>Mais informa\u00e7\u00f5es: <a href=\"mailto:cae@ceak.org.br\">cae@ceak.org.br<\/a> ou Fone:\u00a0<a href=\"tel:+551925148763\">(19) 2514-8763<\/a>[\/vc_column_text][\/vc_column][vc_column width=&#8221;1\/2&#8243;][vc_gmaps link=&#8221;#E-8_JTNDaWZyYW1lJTIwc3JjJTNEJTIyaHR0cHMlM0ElMkYlMkZ3d3cuZ29vZ2xlLmNvbSUyRm1hcHMlMkZlbWJlZCUzRnBiJTNEJTIxMW0xOCUyMTFtMTIlMjExbTMlMjExZDM2NzUuMjA4NDY2MzcyMjUwMyUyMTJkLTQ3LjA1Nzc4NDk4NTI0MDg5JTIxM2QtMjIuOTA1NjgwNDg1MDEyMzE1JTIxMm0zJTIxMWYwJTIxMmYwJTIxM2YwJTIxM20yJTIxMWkxMDI0JTIxMmk3NjglMjE0ZjEzLjElMjEzbTMlMjExbTIlMjExczB4OTRjOGNmNGE1NDk4NzBjNyUyNTNBMHhkNzEwNzQzMDFkNGJmNjdmJTIxMnNSLiUyQklybSUyNUMzJTI1QTMlMkJTZXJhZmluYSUyNTJDJTJCNjc0JTJCLSUyQkNlbnRybyUyNTJDJTJCQ2FtcGluYXMlMkItJTJCU1AlMjUyQyUyQjEzMDE1LTIwMCUyMTVlMCUyMTNtMiUyMTFzcHQtQlIlMjEyc2JyJTIxNHYxNDg3ODMxOTIzNjAzJTIyJTIwd2lkdGglM0QlMjI2MDAlMjIlMjBoZWlnaHQlM0QlMjIyMDAlMjIlMjBmcmFtZWJvcmRlciUzRCUyMjAlMjIlMjBzdHlsZSUzRCUyMmJvcmRlciUzQTAlMjIlMjBhbGxvd2Z1bGxzY3JlZW4lM0UlM0MlMkZpZnJhbWUlM0U=&#8221;][\/vc_column][\/vc_row][vc_row][vc_column][vc_empty_space height=&#8221;15px&#8221;][vc_separator][vc_empty_space height=&#8221;15px&#8221;][\/vc_column][\/vc_row][vc_row][vc_column width=&#8221;1\/2&#8243;][vc_single_image image=&#8221;465&#8243; img_size=&#8221;full&#8221; style=&#8221;vc_box_shadow_3d&#8221; css_animation=&#8221;none&#8221;][\/vc_column][vc_column width=&#8221;1\/2&#8243;][vc_column_text]\n<h3>Grupo Socorro Fraterno<\/h3>\n<p>O objetivo desse grupo \u00e9 a visita \u00e0s pessoas enfermas, idosas que estejam impossibilitadas de se locomoverem at\u00e9 o CEAK. O grupo procura levar a essas pessoas a reflex\u00e3o sobre um tema do Evangelho, dando a elas um pouco de esperan\u00e7a e consolo, principalmente em rela\u00e7\u00e3o a vida espiritual. \u00c9 dado um passe na pessoa enferma. Ap\u00f3s as visitas, a equipes retornam ao CEAK e fazem uma vibra\u00e7\u00e3o para os assistidos visitados. As visitas acontecem sempre aos domingos entre \u00e0s 9hs e 11h30. Podem acontecer nos lares, hospitais ou em casas de repouso. O agendamento \u00e9 feito diretamente na secretaria do CEAK.<\/p>\n<p>Informa\u00e7\u00f5es: <a href=\"mailto:cae@ceak.org.br\">cae@ceak.org.br<\/a> ou Fone:\u00a0<a href=\"tel:+551925148763\">(19) 2514-8763<\/a><br \/>\n[\/vc_column_text][\/vc_column][\/vc_row][vc_row][vc_column][vc_empty_space height=&#8221;15px&#8221;][vc_separator][vc_empty_space height=&#8221;15px&#8221;][\/vc_column][\/vc_row][vc_row][vc_column width=&#8221;1\/2&#8243;][vc_column_text]\n<h3>Grupo Mensageiros da Esperan\u00e7a<\/h3>\n<p>O grupo Mensageiros da Esperan\u00e7a tem como objetivo principal a visita a pres\u00eddios na regi\u00e3o de Campinas para levar aos reeducandos a mensagem do Evangelho Segundo o Espiritismo, dando a eles um pouco de esperan\u00e7a, principalmente em rela\u00e7\u00e3o a vida espiritual. Tamb\u00e9m s\u00e3o distribu\u00eddos livros edificantes aos participantes dos encontros. A equipe recebe com alguma frequ\u00eancia cartas dos reeducandos que trazem um pouco de suas hist\u00f3rias e supera\u00e7\u00f5es, al\u00e9m de pedidos de prece e vibra\u00e7\u00e3o.<\/p>\n<p>Para participar como volunt\u00e1rio nesta equipe \u00e9 necess\u00e1rio ter cursado o 4\u00ba ano do curso b\u00e1sico do CEAK (Estudos Complementares) ou equivalente, e ser aprovado em entrevista com auxiliares e coordena\u00e7\u00e3o do grupo. Esta equipe realiza semanalmente, no CEAK, reuni\u00e3o de vibra\u00e7\u00e3o direcionada aos reeducandos. As visitas aos pres\u00eddios acontecem aos s\u00e1bados, das 8h \u00e0s 10h30 ou das 16h20 \u00e0s 17h45.<\/p>\n<p>Informa\u00e7\u00f5es: <a href=\"mailto:cae@ceak.org.br\">cae@ceak.org.br<\/a> ou Fone:\u00a0<a href=\"tel:+551925148763\">(19) 2514-8763<\/a><\/p>\n[\/vc_column_text][\/vc_column][vc_column width=&#8221;1\/2&#8243;][vc_single_image image=&#8221;464&#8243; img_size=&#8221;full&#8221; alignment=&#8221;right&#8221; style=&#8221;vc_box_shadow_3d&#8221; css_animation=&#8221;none&#8221;][\/vc_column][\/vc_row][vc_row][vc_column][vc_empty_space height=&#8221;15px&#8221;][vc_separator][vc_empty_space height=&#8221;15px&#8221;][\/vc_column][\/vc_row][vc_row][vc_column width=&#8221;1\/2&#8243;][vc_single_image image=&#8221;463&#8243; img_size=&#8221;full&#8221; style=&#8221;vc_box_shadow_3d&#8221; css_animation=&#8221;none&#8221;][\/vc_column][vc_column width=&#8221;1\/2&#8243;][vc_column_text]\n<h3>Equipe da Triagem<\/h3>\n<p>Esta equipe de volunt\u00e1rios recebe os trabalhadores da seara esp\u00edrita que desejam ingressar nas tarefas do CEAK. Ap\u00f3s uma conversa fraterna com o objetivo de conhecer o futuro volunt\u00e1rio, \u00e9 realizada uma avalia\u00e7\u00e3o doutrin\u00e1ria. Com base nas informa\u00e7\u00f5es recebidas, \u00e9 informado aos colegas as possibilidades de aprendizado e de trabalho na entidade. Preferencialmente, essa triagem \u00e9 feita \u00e0s quartas-feiras das 19h15 \u00e0s 20h. Caso o interessado n\u00e3o tenha essa disponibilidade \u00e9 poss\u00edvel solicitar um agendamento em visita ao CEAK.<\/p>\n<p>Informa\u00e7\u00f5es: <a href=\"mailto:cae@ceak.org.br\">cae@ceak.org.br<\/a> ou Fone:\u00a0<a href=\"tel:+551925148763\">(19) 2514-8763<\/a><br \/>\n[\/vc_column_text][\/vc_column][\/vc_row][vc_row][vc_column][vc_empty_space height=&#8221;15px&#8221;][vc_separator][vc_empty_space height=&#8221;15px&#8221;][\/vc_column][\/vc_row]\n","protected":false},"excerpt":{"rendered":"[vc_row][vc_column][vc_column_text] Atendimento fraterno [\/vc_column_text][\/vc_column][\/vc_row][vc_row][vc_column width=&#8221;1\/2&#8243;][vc_single_image image=&#8221;455&#8243; img_size=&#8221;full&#8221; style=&#8221;vc_box_shadow_3d&#8221; css_animation=&#8221;none&#8221;][\/vc_column][vc_column width=&#8221;1\/2&#8243;][vc_column_text] Assist\u00eancia Espiritual para as crian\u00e7as Dia e hor\u00e1rio dedicado para recep\u00e7\u00e3o \u00e0s crian\u00e7as (at\u00e9 12 anos) e suas fam\u00edlias que desejam receber a assist\u00eancia espiritual atrav\u00e9s do acolhimento fraterno, prele\u00e7\u00e3o e passes. Essa atividade \u00e9 espec\u00edfica para assist\u00eancia espiritual.[\/vc_column_text][\/vc_column][\/vc_row][vc_row][vc_column][vc_empty_space height=&#8221;15px&#8221;][vc_separator][vc_empty_space height=&#8221;15px&#8221;][\/vc_column][\/vc_row][vc_row][vc_column][vc_column_text] Hor\u00e1rios e locais de [&hellip;]\n","protected":false},"author":1,"featured_media":0,"parent":0,"menu_order":0,"comment_status":"closed","ping_status":"closed","template":"page-blank-container.php","meta":[],"_links":{"self":[{"href":"https:\/\/ceak.org.br\/ceak\/wp-json\/wp\/v2\/pages\/454"}],"collection":[{"href":"https:\/\/ceak.org.br\/ceak\/wp-json\/wp\/v2\/pages"}],"about":[{"href":"https:\/\/ceak.org.br\/ceak\/wp-json\/wp\/v2\/types\/page"}],"author":[{"embeddable":true,"href":"https:\/\/ceak.org.br\/ceak\/wp-json\/wp\/v2\/users\/1"}],"replies":[{"embeddable":true,"href":"https:\/\/ceak.org.br\/ceak\/wp-json\/wp\/v2\/comments?post=454"}],"version-history":[{"count":3,"href":"https:\/\/ceak.org.br\/ceak\/wp-json\/wp\/v2\/pages\/454\/revisions"}],"predecessor-version":[{"id":16720,"href":"https:\/\/ceak.org.br\/ceak\/wp-json\/wp\/v2\/pages\/454\/revisions\/16720"}],"wp:attachment":[{"href":"https:\/\/ceak.org.br\/ceak\/wp-json\/wp\/v2\/media?parent=454"}],"curies":[{"name":"wp","href":"https:\/\/api.w.org\/{rel}","templated":true}]}}