{"id":467,"date":"2017-03-08T02:14:19","date_gmt":"2017-03-08T02:14:19","guid":{"rendered":"http:\/\/ceak.org.br\/ceak\/?page_id=467"},"modified":"2025-12-29T13:18:39","modified_gmt":"2025-12-29T16:18:39","slug":"cursos","status":"publish","type":"page","link":"https:\/\/ceak.org.br\/ceak\/cursos\/","title":{"rendered":"Cursos"},"content":{"rendered":"[vc_row][vc_column][vc_column_text]\n<h1>Cursos<\/h1>\n[\/vc_column_text][\/vc_column][\/vc_row][vc_row][vc_column width=&#8221;1\/2&#8243;][vc_column_text]\u201cUm curso regular de Espiritismo seria dado com o fim de desenvolver os princ\u00edpios da Ci\u00eancia esp\u00edrita e propagar o gosto pelos estudos s\u00e9rios. Esse curso ter\u00e1 a vantagem de criar a unidade dos princ\u00edpios, de obter adeptos esclarecidos, capazes de difundir as ideias esp\u00edritas e de desenvolver grande n\u00fameros de m\u00e9diuns. Encaro este curso como capaz de exercer influ\u00eancia capital no futuro do Espiritismo e em suas consequ\u00eancias\u201d, Allan Kardec no livro Obras P\u00f3stumas.<\/p>\n<p>H\u00e1 no CEAK a preocupa\u00e7\u00e3o em atender as orienta\u00e7\u00f5es do Codificador Allan Kardec \u201cpropagar o gosto pelos estudos s\u00e9rios\u201d e, por isso, foram implantados, desde a sua funda\u00e7\u00e3o, grupos de estudos para possibilitar o aprendizado da doutrina e a forma\u00e7\u00e3o dos trabalhadores. \u2028A metodologia adotada foi desenvolvida por Therezinha Oliveira, com o conte\u00fado que constituiu os \u201c7 Livros da Cole\u00e7\u00e3o Estudos e Cursos do CEAK\u201d, que s\u00e3o utilizados com sucesso, em nossa institui\u00e7\u00e3o, e por aqueles que desejam sistematizar o estudo do Espiritismo.[\/vc_column_text][\/vc_column][vc_column width=&#8221;1\/2&#8243;][vc_single_image image=&#8221;475&#8243; img_size=&#8221;full&#8221; alignment=&#8221;right&#8221; style=&#8221;vc_box_shadow_3d&#8221; css_animation=&#8221;none&#8221;][\/vc_column][\/vc_row][vc_row][vc_column][vc_empty_space height=&#8221;15px&#8221;][vc_separator][vc_empty_space height=&#8221;15px&#8221;][\/vc_column][\/vc_row][vc_row][vc_column width=&#8221;1\/2&#8243;][vc_single_image image=&#8221;477&#8243; img_size=&#8221;full&#8221; style=&#8221;vc_box_shadow_3d&#8221; css_animation=&#8221;none&#8221;][\/vc_column][vc_column width=&#8221;1\/2&#8243;][vc_column_text]\n<h3>Vantagens da Metodologia:<\/h3>\n<p>&#8211; Os cursos s\u00e3o estruturados para despertar o interesse e garantir o entendimento dos princ\u00edpios esp\u00edritas;<\/p>\n<p>&#8211; Possibilita a participa\u00e7\u00e3o de turmas com grande quantidade de pessoas;<br \/>\n&#8211; As aulas s\u00e3o presenciais possibilitando, assim, a interatividade dos participantes, com uma parte expositiva e outra pr\u00e1tica;<\/p>\n<p>&#8211; Despertam o interesse do participante pela organiza\u00e7\u00e3o e pela abordagem sequencial dos temas, que levam o aprendizado de forma gradual;<\/p>\n<p>&#8211; A partir do 4\u00ba ano possibilita ao participante se inscrever nos cursos \u201cespecializados\u201d e assim ingressar nos trabalhos da Casa;<\/p>\n<p>&#8211; Une teoria e pr\u00e1tica fazendo com que os participantes se sintam participantes e n\u00e3o apenas frequentadores da institui\u00e7\u00e3o;<\/p>\n<p>&#8211; Possibilita o crescimento da institui\u00e7\u00e3o em fun\u00e7\u00e3o do desenvolvimento dos grupos de trabalho.[\/vc_column_text][\/vc_column][\/vc_row][vc_row][vc_column][vc_empty_space height=&#8221;15px&#8221;][vc_separator][vc_empty_space height=&#8221;15px&#8221;][\/vc_column][\/vc_row][vc_row][vc_column width=&#8221;1\/2&#8243;][vc_column_text]\n<h3>Os estudos sistematizados no CEAK s\u00e3o organizados em:<\/h3>\n<p>&#8211; Cursos B\u00e1sicos \u2013 estudos sistematizados que visam o aprendizado da doutrina e a prepara\u00e7\u00e3o de trabalhadores (do primeiro ao quarto ano, com dura\u00e7\u00e3o de um ano cada).<\/p>\n<p>&#8211; Cursos Especializados \u2013 prepara\u00e7\u00e3o para executar as atividades espec\u00edficas na Casa, como: expositor de aulas, preletor, dialogador, acolhimento fraterno e aplica\u00e7\u00e3o do passe, entre outras.<\/p>\n<h3><span style=\"color: #099ba3;\">Conhe\u00e7a mais sobre eles:<\/span><\/h3>\n[\/vc_column_text][\/vc_column][vc_column width=&#8221;1\/2&#8243;][vc_single_image image=&#8221;476&#8243; img_size=&#8221;full&#8221; alignment=&#8221;right&#8221; style=&#8221;vc_box_shadow_3d&#8221; css_animation=&#8221;none&#8221;][\/vc_column][\/vc_row][vc_row][vc_column][vc_empty_space height=&#8221;15px&#8221;][vc_separator][vc_empty_space height=&#8221;15px&#8221;][\/vc_column][\/vc_row][vc_row][vc_column width=&#8221;1\/2&#8243;][vc_column_text]\n<h2>Cursos de longa dura\u00e7\u00e3o<\/h2>\n<p>Os cursos b\u00e1sicos oferecem condi\u00e7\u00f5es para estudar o Espiritismo de forma s\u00e9ria, regular e cont\u00ednua. Com dura\u00e7\u00e3o total de quatro anos, tem como base as obras codificadas por Allan Kardec e o Evangelho de Jesus.\u2028 Est\u00e3o divididos em unidades que agrupam os assuntos semelhantes e de forma gradual, para facilitar a compreens\u00e3o dos temas pelos participantes e possibilitam o estudo da doutrina para grandes ou pequenos grupos de participantes.<\/p>\n<h4><span style=\"color: #099ba3;\">Saiba quais s\u00e3o eles:<\/span><\/h4>\n[\/vc_column_text][\/vc_column][vc_column width=&#8221;1\/2&#8243;][vc_single_image image=&#8221;478&#8243; img_size=&#8221;full&#8221; alignment=&#8221;right&#8221; style=&#8221;vc_box_shadow_3d&#8221; css_animation=&#8221;none&#8221;][\/vc_column][\/vc_row][vc_row][vc_column][vc_empty_space height=&#8221;15px&#8221;][vc_separator][vc_empty_space height=&#8221;15px&#8221;][\/vc_column][\/vc_row][vc_row][vc_column][vc_tta_accordion][vc_tta_section title=&#8221;Inicia\u00e7\u00e3o ao estudo do Espiritismo&#8221; tab_id=&#8221;1488939339003-e0f2e867-1082&#8243;][vc_column_text]O curso, Inicia\u00e7\u00e3o ao estudo do Espiritismo (1\u00ba ano), tem por objetivo ministrar os conceitos b\u00e1sicos da Doutrina Esp\u00edrita, levando o aluno ao conhecimento da import\u00e2ncia e atividades da casa esp\u00edrita, salientando a import\u00e2ncia do estudo das obras b\u00e1sicas e as leis morais baseadas no Evangelho de Jesus. N\u00e3o h\u00e1 pr\u00e9-requisito quanto a conhecimento doutrin\u00e1rio, mas a idade deve ser compat\u00edvel (adulto). Para adolescentes e muito jovens s\u00e3o aconselhados os cursos da <a href=\"#mocidade\">Educa\u00e7\u00e3o e Mocidade Esp\u00edrita<\/a>.<\/p>\n<p>O curso \u00e9 composto por 37 encontros realizados em dias e hor\u00e1rios, conforme o local. Confira:<\/p>\n<h3><span style=\"color: #099ba3;\">Hor\u00e1rios e locais:<\/span><\/h3>\n[\/vc_column_text][vc_row_inner][vc_column_inner width=&#8221;1\/4&#8243;][vc_column_text]\n<h5>CEAK SEDE<\/h5>\n<p>Aos domingos, das 9h50 \u00e0s 11h<br \/>\nQuintas-feiras, das 20h \u00e0s 21h30<br \/>\n<span style=\"color: #a6a6a6;\">Rua Irm\u00e3 Serafina, 707 \u2013 Centro<\/span><\/p>\n<p>Segundas-feiras, das 15h \u00e0s 16h30<br \/>\n<span style=\"color: #a6a6a6;\">Rua Irm\u00e3 Serafina, 674 \u2013 Centro<\/span>[\/vc_column_text][\/vc_column_inner][vc_column_inner width=&#8221;1\/4&#8243;][vc_column_text]\n<h5>CEAK &#8211; N\u00facleo Vila Nova<\/h5>\n<p>Aos domingos, das 09h \u00e0s 10h30<br \/>\nTer\u00e7as-feiras, das 20h \u00e0s 21h30<br \/>\nQuartas-feiras, das 20h \u00e0s 21h30<\/p>\n<p><span style=\"color: #a6a6a6;\">Av. Theodureto de Almeida Camargo, 750 \u2013 Vila Nova \u2013 pr\u00e9dio do Educand\u00e1rio Eur\u00edpedes, anexo \u00e0 padaria Bambini<\/span>[\/vc_column_text][\/vc_column_inner][vc_column_inner width=&#8221;1\/4&#8243;][vc_column_text]\n<h5>CEAK &#8211; Alvorada de Cristo<\/h5>\n<p>Aos domingos, das 10h \u00e0s 11h<\/p>\n<p><span style=\"color: #a6a6a6;\">Rua do Professor, 292 \u2013 Jardim Proen\u00e7a<\/span>[\/vc_column_text][\/vc_column_inner][vc_column_inner width=&#8221;1\/4&#8243;][vc_column_text]\n<h5>CEAK &#8211; N\u00facleo Sousas<\/h5>\n<p>Aos domingos, das 10h \u00e0s 11h<\/p>\n<p><span style=\"color: #a6a6a6;\">Av. Dona Maria Franco Salgado, 881 &#8211; Jardim Bot\u00e2nico<\/span>[\/vc_column_text][\/vc_column_inner][\/vc_row_inner][vc_column_text]Informa\u00e7\u00f5es: <a href=\"mailto: cedd@ceak.org.br\"> cedd@ceak.org.br <\/a> ou Fone:\u00a0<a href=\"tel:+551925148763\">(19) 2514-8763<\/a>[\/vc_column_text][\/vc_tta_section][vc_tta_section title=&#8221;Estudos sobre Mediunidade&#8221; tab_id=&#8221;1489008446572-95b702e4-bc45&#8243;][vc_column_text]O curso Estudos sobre Mediunidade (2\u00ba ano) tem por objetivo transmitir o entendimento e aplica\u00e7\u00e3o dos conceitos sobre mediunidade, assim como estabelecidos em \u201cO Livro dos M\u00e9diuns\u201d, de Allan Kardec, fornecendo aos participantes bases seguras para o uso da faculdade de forma disciplinada e calcada na boa moral. Aborda o processo da comunica\u00e7\u00e3o medi\u00fanica e utiliza o M\u00e9todo das Cinco Fases (PACEM) para o desenvolvimento da mediunidade. Inclui aulas te\u00f3ricas semanais, com dura\u00e7\u00e3o de uma hora, versando sobre temas didaticamente agrupados em unidades do livro \u201cMediunidade\u201d, de Therezinha Oliveira: Mediunidade e sua Pr\u00e1tica, A\u00e7\u00e3o Flu\u00eddica, A Mediunidade e o M\u00e9dium, Fen\u00f4menos de Efeitos Inteligentes e Fen\u00f4menos de Efeitos F\u00edsicos.\u2028A parte pr\u00e1tica do curso compreende exerc\u00edcios medi\u00fanicos, atrav\u00e9s do \u201cM\u00e9todo das Cinco Fases\u201d, adaptado pelo CEAK e inclu\u00eddo no livro Orienta\u00e7\u00e3o Medi\u00fanica. O tempo total de aulas \u00e9 de duas horas, entre teoria e pr\u00e1tica medi\u00fanica.<\/p>\n<p>Para participar deste curso, o interessado deve ter conclu\u00eddo o curso de Inicia\u00e7\u00e3o ao Espiritismo (1\u00ba ano). Este segundo ano de estudos \u00e9 composto por 33 encontros, realizados em cada um dos N\u00facleos do CEAK, conforme hor\u00e1rios abaixo.<\/p>\n<h3><span style=\"color: #099ba3;\">Hor\u00e1rios e locais:<\/span><\/h3>\n[\/vc_column_text][vc_row_inner][vc_column_inner width=&#8221;1\/4&#8243;][vc_column_text]\n<h5>CEAK Sede<\/h5>\n<p>Aos domingos, das 9h \u00e0s 11h<br \/>\nQuintas-feiras, das 20h \u00e0s 22h<br \/>\n<span style=\"color: #a6a6a6;\">Rua Irm\u00e3 Serafina, 707 \u2013 Centro<br \/>\n<\/span><\/p>\n<p>Sextas-feiras, das 14h \u00e0s 16h<br \/>\n<span style=\"color: #a6a6a6;\">Rua Irm\u00e3 Serafina, 674 \u2013 Centro<\/span>[\/vc_column_text][\/vc_column_inner][vc_column_inner width=&#8221;1\/4&#8243;][vc_column_text]\n<h5>CEAK &#8211; N\u00facleo Vila Nova<\/h5>\n<p>Aos domingos, das 9h \u00e0s 11h<br \/>\nSegundas-feiras, das 20h \u00e0s 22h<br \/>\nQuartas-feiras, das 20h \u00e0s 22h.<\/p>\n<p><span style=\"color: #a6a6a6;\">Av. Theodureto de Almeida Camargo, 750 \u2013 Vila Nova \u2013 pr\u00e9dio do Educand\u00e1rio Eur\u00edpedes, anexo \u00e0 padaria Bambini<\/span>[\/vc_column_text][\/vc_column_inner][vc_column_inner width=&#8221;1\/4&#8243;][vc_column_text]\n<h5>CEAK &#8211; Alvorada de Cristo<\/h5>\n<p>Aos domingos, das 9h \u00e0s 11h<\/p>\n<p><span style=\"color: #a6a6a6;\">Rua do Professor, 292 \u2013 Jardim Proen\u00e7a<\/span>[\/vc_column_text][\/vc_column_inner][vc_column_inner width=&#8221;1\/4&#8243;][vc_column_text]\n<h5>CEAK &#8211; N\u00facleo Sousas<\/h5>\n<p>Aos domingos, das 9h \u00e0s 11h<\/p>\n<p><span style=\"color: #a6a6a6;\">Av. Dona Maria Franco Salgado, 881 \u2013 Jardim Bot\u00e2nico<\/span>[\/vc_column_text][\/vc_column_inner][\/vc_row_inner][vc_column_text]Informa\u00e7\u00f5es: <a href=\"mailto: cedd@ceak.org.br\"> cedd@ceak.org.br <\/a> ou Fone:\u00a0<a href=\"tel:+551925148763\">(19) 2514-8763<\/a>[\/vc_column_text][\/vc_tta_section][vc_tta_section title=&#8221;Reuni\u00f5es Medi\u00fanicas&#8221; tab_id=&#8221;1489008821898-58e88bcc-2c2d&#8221;][vc_column_text]Os encontros do curso Reuni\u00f5es Medi\u00fanicas (3\u00ba ano) trabalham teoria e pr\u00e1tica da doutrina para reuni\u00f5es medi\u00fanicas. \u00c9 destacada a import\u00e2ncia da pr\u00e1tica medi\u00fanica realizada com simplicidade, equil\u00edbrio, disciplina, eleva\u00e7\u00e3o de prop\u00f3sitos, verdade e amor. Como bibliografia \u00e9 utilizado o livro \u201cReuni\u00f5es Medi\u00fanicas\u201d de Therezinha Oliveira, que se baseia nas instru\u00e7\u00f5es contidas em \u201cO Livro dos M\u00e9diuns\u201d e \u201cInstru\u00e7\u00f5es Pr\u00e1ticas sobre Manifesta\u00e7\u00f5es Esp\u00edritas\u201d (ambos de Allan Kardec), bem como o \u201cManual do Dirigente de Sess\u00f5es Esp\u00edritas (E. Manso Vieira e B. Godoy Paiva).<\/p>\n<p>O curso de reuni\u00f5es medi\u00fanicas \u00e9 dividido em 37 encontros com dura\u00e7\u00e3o de duas horas cada, conforme os hor\u00e1rios abaixo relacionados, em cada um dos N\u00facleos. Para participar, os interessados devem ter conclu\u00eddo o curso de Estudo sobre Mediunidade (2\u00ba ano).<\/p>\n<h3><span style=\"color: #099ba3;\">Hor\u00e1rios e locais:<\/span><\/h3>\n[\/vc_column_text][vc_row_inner][vc_column_inner width=&#8221;1\/3&#8243;][vc_column_text]\n<h5>CEAK Sede<\/h5>\n<p>Aos domingos, das 9h \u00e0s 11h<br \/>\nSextas-feiras, das 20h \u00e0s 22h<span style=\"color: #a6a6a6;\"><br \/>\nRua Irm\u00e3 Serafina, 707 \u2013 Centro<\/span><\/p>\n<p>Sextas-feiras, das 14h \u00e0s 16h<br \/>\n<span style=\"color: #a6a6a6;\">Rua Irm\u00e3 Serafina, 674 \u2013 Centro<\/span>[\/vc_column_text][\/vc_column_inner][vc_column_inner width=&#8221;1\/3&#8243;][vc_column_text]\n<h5>CEAK &#8211; N\u00facleo Vila Nova<\/h5>\n<p>Aos domingos, das 9h \u00e0s 11h<br \/>\nSegundas-feiras, das 20h \u00e0s 22h<br \/>\nQuartas-feiras, das 20h \u00e0s 22h.<\/p>\n<p><span style=\"color: #a6a6a6;\">Av. Theodureto de Almeida Camargo, 750 \u2013 Vila Nova \u2013 pr\u00e9dio do Educand\u00e1rio Eur\u00edpedes, anexo \u00e0 padaria Bambini<\/span>[\/vc_column_text][\/vc_column_inner][vc_column_inner width=&#8221;1\/3&#8243;][vc_column_text]\n<h5>CEAK &#8211; Alvorada de Cristo<\/h5>\n<p>Aos domingos, das 9h \u00e0s 11h<\/p>\n<p><span style=\"color: #a6a6a6;\">Rua do Professor, 292 \u2013 Jardim Proen\u00e7a<\/span>[\/vc_column_text][\/vc_column_inner][\/vc_row_inner][vc_column_text]Informa\u00e7\u00f5es: <a href=\"mailto: cedd@ceak.org.br\"> cedd@ceak.org.br <\/a> ou Fone:\u00a0<a href=\"tel:+551925148763\">(19) 2514-8763<\/a>[\/vc_column_text][\/vc_tta_section][vc_tta_section title=&#8221;Estudos Complementares&#8221; tab_id=&#8221;1489009161877-f7486d62-9b0d&#8221;][vc_column_text]O curso Estudos Complementares (4\u00ba ano) tem como objetivo formar trabalhadores para a Casa Esp\u00edrita, mantendo a continuidade e o aperfei\u00e7oamento\u00a0do estudo e do conhecimento da Doutrina Esp\u00edrita\u00a0com roteiro apostilado, bem como aperfei\u00e7oar a pr\u00e1tica da mediunidade. As atividades s\u00e3o realizadas atrav\u00e9s de reuni\u00f5es divididas em duas partes, a primeira de estudos e a segunda de interc\u00e2mbio medi\u00fanico, com dura\u00e7\u00e3o de duas horas no total, entre parte te\u00f3rica e pr\u00e1tica. O Curso tem dura\u00e7\u00e3o de um ano (fevereiro a janeiro) com reuni\u00f5es semanais, e os interessados devem tem completado o curso de Reuni\u00f5es Medi\u00fanicas (3\u00ba ano) ou serem encaminhados pela equipe de Triagem.<\/p>\n<h3><span style=\"color: #099ba3;\">Hor\u00e1rios e locais:<\/span><\/h3>\n[\/vc_column_text][vc_row_inner][vc_column_inner width=&#8221;1\/3&#8243;][vc_column_text]\n<h5>CEAK Sede<\/h5>\n<p>Aos domingos, das 9h \u00e0s 11h<br \/>\nSextas-feiras, das 20h \u00e0s 22h<br \/>\n<span style=\"color: #a6a6a6;\">Rua Irm\u00e3 Serafina, 707 \u2013 Centro<br \/>\n<\/span><br \/>\nSextas-feiras, das 14h \u00e0s 16h<br \/>\n<span style=\"color: #a6a6a6;\">Rua Irm\u00e3 Serafina, 674 \u2013 Centro<\/span>[\/vc_column_text][\/vc_column_inner][vc_column_inner width=&#8221;1\/3&#8243;][vc_column_text]\n<h5>CEAK &#8211; N\u00facleo Vila Nova<\/h5>\n<p>Aos domingos, das 9h \u00e0s 11h<br \/>\nSegundas-feiras, das 20h \u00e0s 22h<br \/>\nQuartas-feiras, das 20h \u00e0s 22h.<\/p>\n<p><span style=\"color: #a6a6a6;\">Av. Theodureto de Almeida Camargo, 750 \u2013 Vila Nova \u2013 pr\u00e9dio do Educand\u00e1rio Eur\u00edpedes, anexo \u00e0 padaria Bambini<\/span>[\/vc_column_text][\/vc_column_inner][vc_column_inner width=&#8221;1\/3&#8243;][vc_column_text]\n<h5>CEAK &#8211; Alvorada de Cristo<\/h5>\n<p>Aos domingos, das 9h \u00e0s 11h<\/p>\n<p><span style=\"color: #a6a6a6;\">Rua do Professor, 292 \u2013 Jardim Proen\u00e7a<\/span>[\/vc_column_text][\/vc_column_inner][\/vc_row_inner][vc_column_text]Informa\u00e7\u00f5es: <a href=\"mailto: cedd@ceak.org.br\"> cedd@ceak.org.br <\/a> ou Fone:\u00a0<a href=\"tel:+551925148763\">(19) 2514-8763<\/a>[\/vc_column_text][\/vc_tta_section][vc_tta_section title=&#8221;Curso de Passes e Fluidoterapia&#8221; tab_id=&#8221;1489009271075-11bd144d-b82b&#8221;][vc_column_text]\n<p>O curso aborda os conceitos sobre os fluidos e sua utiliza\u00e7\u00e3o para a pr\u00e1tica do passe. Apresenta a t\u00e9cnica de aplica\u00e7\u00e3o e possibilita o exerc\u00edcio do mesmo. Tem como objetivo formar cooperadores para exercer atividades como passista nos grupos da entidade, e em outras casas Esp\u00edritas e, para isso, instrui seus participantes acerca dos assuntos envolvidos em Fluidoterapia, de acordo com a proposta e entendimento da Doutrina Esp\u00edrita.\u2028Al\u00e9m das aulas te\u00f3ricas, o curso inclui um est\u00e1gio pr\u00e1tico e supervisionado, com atendimento\/ aplica\u00e7\u00e3o de passes ao p\u00fablico geral nos dias em que acontecem as aulas.<\/p>\n<p>Para participar do curso \u00e9 necess\u00e1rio ter conclu\u00eddo os quatro anos de estudos b\u00e1sicos (Inicia\u00e7\u00e3o ao Espiritismo, Mediunidade, Reuni\u00f5es Medi\u00fanicas e Estudos Complementares), ou comprovar conhecimento doutrin\u00e1rio compat\u00edvel com os referidos cursos. O encaminhamento pode ser feito pelo dirigente do grupo de Estudos Complementares; pela equipe de Triagem, pelo dirigente do grupo de trabalho de onde est\u00e1 sendo encaminhado ou ainda pelos coordenadores da \u00e1rea doutrin\u00e1ria do CEAK.<\/p>\n<h3><span style=\"color: #099ba3;\">Hor\u00e1rios e locais:<\/span><\/h3>\n[\/vc_column_text][vc_row_inner][vc_column_inner width=&#8221;1\/3&#8243;][vc_column_text]\n<h5>CEAK Sede<\/h5>\n<p>Aos domingos, das 7h45 \u00e0s 9h<br \/>\nSextas-feiras, das 13h45 \u00e0s 15h<br \/>\nSextas-feiras, das 19h45 \u00e0s 21h<\/p>\n<p><span style=\"color: #a6a6a6;\">Rua Irm\u00e3 Serafina, 674 \u2013 Centro<\/span>[\/vc_column_text][\/vc_column_inner][vc_column_inner width=&#8221;1\/3&#8243;][vc_column_text]\n<h5>CEAK &#8211; N\u00facleo Vila Nova<\/h5>\n<p>Quintas-feiras, 19h45 \u00e0s 21h<\/p>\n<p><span style=\"color: #a6a6a6;\">Av. Theodureto de Almeida Camargo, 750 \u2013 Vila Nova \u2013 pr\u00e9dio do Educand\u00e1rio Eur\u00edpedes, anexo \u00e0 padaria Bambini<\/span>[\/vc_column_text][\/vc_column_inner][vc_column_inner width=&#8221;1\/3&#8243;][\/vc_column_inner][\/vc_row_inner][vc_column_text]Informa\u00e7\u00f5es: <a href=\"mailto: cedd@ceak.org.br\"> cedd@ceak.org.br <\/a> ou Fone:\u00a0<a href=\"tel:+551925148763\">(19) 2514-8763<\/a>[\/vc_column_text][\/vc_tta_section][vc_tta_section title=&#8221;Estudos Esp\u00edritas do Evangelho&#8221; tab_id=&#8221;1489009424391-3a1332b9-a566&#8243;][vc_column_text]Os encontros deste curso focam o Evangelho de Cristo. Estuda a vida de Jesus e seus ensinamentos: o que \u00e9 a B\u00edblia, o Povo Hebreu, os disc\u00edpulos, as par\u00e1bolas e serm\u00f5es de Jesus. Este curso \u00e9 muito interessante para quem trabalha na seara esp\u00edrita, em especial para os expositores. Em suma, o curso, proporciona mais que o simples conhecimento sobre a vida do Mestre. Ajuda a compreend\u00ea-la melhor, analisando o contexto hist\u00f3rico da \u00e9poca, estudando v\u00e1rios aspectos como: a pol\u00edtica, economia, religi\u00e3o e cultura do povo naquele tempo. Est\u00e1 aberto a qualquer pessoa que queira participar, n\u00e3o sendo necess\u00e1rio ter cursado algum outro curso da Casa.<\/p>\n<h3><span style=\"color: #099ba3;\">Hor\u00e1rios e locais:<\/span><\/h3>\n[\/vc_column_text][vc_row_inner][vc_column_inner][vc_column_text]\n<h5>Modalidade virtual<\/h5>\n<p>Segundas-feiras, \u00e0s 15h<br \/>\nQuartas-feiras, \u00e0s 20h[\/vc_column_text][\/vc_column_inner][\/vc_row_inner][vc_column_text]Informa\u00e7\u00f5es: <a href=\"mailto: cedd@ceak.org.br\"> cedd@ceak.org.br <\/a> ou Fone:\u00a0<a href=\"tel:+551925148763\">(19) 2514-8763<\/a>[\/vc_column_text][\/vc_tta_section][vc_tta_section title=&#8221;Estudos Interativos das Obras B\u00e1sicas (EIOB)&#8221; tab_id=&#8221;1489009488213-73a68eea-50c2&#8243;][vc_column_text]O Estudo Interativo das Obras B\u00e1sicas visa estimular estudo e aprimoramento no conhecimento das Obras B\u00e1sicas de Allan Kardec, atrav\u00e9s do estudo em grupo, com metodologia pr\u00f3pria e did\u00e1tica, orientada \u00e0 pesquisa, priorizando a participa\u00e7\u00e3o de todos os integrantes. O estudo \u00e9 realizado atrav\u00e9s de m\u00f3dulos com temas espec\u00edficos que devem ser pesquisados em todas as obras b\u00e1sicas de Allan Kardec. Traz em si o conceito de educa\u00e7\u00e3o continuada, incentivando os trabalhadores da Casa Esp\u00edrita ao estudo.<\/p>\n<p>O curso \u00e9 aberto a participantes de outras casas esp\u00edritas, sempre com conhecimento b\u00e1sico na doutrina. Pr\u00e9-inscri\u00e7\u00f5es s\u00e3o feitas at\u00e9 a forma\u00e7\u00e3o de um grupo com 20 integrantes, de acordo com a disponibilidade de sala e hor\u00e1rio.<\/p>\n<h3><span style=\"color: #099ba3;\">Hor\u00e1rios e locais:<\/span><\/h3>\n<p>Os grupos se encontram uma vez ao m\u00eas. Hoje h\u00e1 grupos abertos em dois endere\u00e7os e na modalidade virtual, nos hor\u00e1rios abaixo:[\/vc_column_text][vc_row_inner][vc_column_inner width=&#8221;1\/3&#8243;][vc_column_text]\n<h5>Modalidade virtual<\/h5>\n<p>Ter\u00e7as-feiras, das 14h30 \u00e0s 16h30<br \/>\nQuintas-feiras, das 19h30 \u00e0s 21h<br \/>\nAos s\u00e1bados, das 9h30 \u00e0s 11h30<br \/>\nAos s\u00e1bados, das 14h30 \u00e0s 16h30[\/vc_column_text][\/vc_column_inner][vc_column_inner width=&#8221;1\/3&#8243;][vc_column_text]\n<h5>CEAK Sede<\/h5>\n<p>Ter\u00e7as-feiras, das 14h30 \u00e0s 16h30<\/p>\n<p><span style=\"color: #a6a6a6;\">Rua Irm\u00e3 Serafina, 674 \u2013 Centro<\/span>[\/vc_column_text][\/vc_column_inner][vc_column_inner width=&#8221;1\/3&#8243;][vc_column_text]\n<h5>CEAK &#8211; N\u00facleo Vila Nova<\/h5>\n<p>Aos s\u00e1bados, das 9h30 \u00e0s 11h30<\/p>\n<p><span style=\"color: #a6a6a6;\">Av. Theodureto de Almeida Camargo, 750 \u2013 Vila Nova \u2013 pr\u00e9dio do Educand\u00e1rio Eur\u00edpedes, anexo \u00e0 padaria Bambini<\/span>[\/vc_column_text][\/vc_column_inner][\/vc_row_inner][vc_column_text]Informa\u00e7\u00f5es: <a href=\"mailto: cedd@ceak.org.br\"> cedd@ceak.org.br <\/a> ou Fone:\u00a0<a href=\"tel:+551925148763\">(19) 2514-8763<\/a>[\/vc_column_text][\/vc_tta_section][vc_tta_section title=&#8221;Forma\u00e7\u00e3o de Educadores Esp\u00edritas&#8221; tab_id=&#8221;1489009643949-6ca32285-2545&#8243;][vc_column_text]Curso voltado para a forma\u00e7\u00e3o de trabalhadores na Educa\u00e7\u00e3o Esp\u00edrita do CEAK. Com conte\u00fado did\u00e1tico e din\u00e2mico, o aluno aprende diversas formas de se produzir uma aula interessante e focada nos preceitos da Doutrina Esp\u00edrita voltada para crian\u00e7as e jovens, que inclui atividades l\u00fadicas, hist\u00f3rias, jogos e m\u00fasicas. \u00c9 parte integrante do curso visitas e est\u00e1gio supervisionado nos grupos de diversas faixas et\u00e1rias.<\/p>\n<h3><span style=\"color: #099ba3;\">Hor\u00e1rios e locais:<\/span><\/h3>\n[\/vc_column_text][vc_row_inner][vc_column_inner][vc_column_text]\n<h5>CEAK Sede<\/h5>\n<p>Aos domingos, das 8h30 \u00e0s 9h30<\/p>\n<p><span style=\"color: #a6a6a6;\">Rua Irm\u00e3 Serafina, 674 \u2013 Centro<\/span>[\/vc_column_text][\/vc_column_inner][\/vc_row_inner][vc_column_text]Informa\u00e7\u00f5es: <a href=\"mailto: cimf.ceak@ceak.org.br\"> cimf.ceak@ceak.org.br <\/a> ou Fone:\u00a0<a href=\"tel:+551925148763\">(19) 2514-8763<\/a>[\/vc_column_text][\/vc_tta_section][\/vc_tta_accordion][\/vc_column][\/vc_row][vc_row][vc_column][vc_empty_space height=&#8221;15px&#8221;][vc_separator][vc_empty_space height=&#8221;15px&#8221;][\/vc_column][\/vc_row][vc_row][vc_column][vc_column_text]\n<h2>Cursos de curta dura\u00e7\u00e3o<\/h2>\n[\/vc_column_text][\/vc_column][\/vc_row][vc_row][vc_column][vc_tta_accordion][vc_tta_section title=&#8221;Curso de Expositor I&#8221; tab_id=&#8221;1489097554983-6b89d775-dec6&#8243;][vc_column_text]\u00c9 um curso t\u00e9cnico de orat\u00f3ria, com informa\u00e7\u00f5es \u00fateis para quem pretende trabalhar com a exposi\u00e7\u00e3o doutrin\u00e1ria na Casa Esp\u00edrita. Se destina aos interessados em conhecer e aprender t\u00e9cnicas de orat\u00f3ria. S\u00e3o abordados os temas: A prepara\u00e7\u00e3o do discurso; Elabora\u00e7\u00e3o de um roteiro; Respira\u00e7\u00e3o, voz e dic\u00e7\u00e3o; Uso do microfone e recursos audiovisuais; A linguagem; O orador perante o p\u00fablico e Apresenta\u00e7\u00e3o de roteiros individuais.<\/p>\n<p>Os interessados devem ter bom equil\u00edbrio emocional e espiritual, interesse na exposi\u00e7\u00e3o doutrin\u00e1ria, estar cursando ou j\u00e1 ter conclu\u00eddo o 4\u00ba ano (Estudos Complementares) ou possuir conhecimento doutrin\u00e1rio equivalente. As inscri\u00e7\u00f5es s\u00e3o realizadas somente por meio da indica\u00e7\u00e3o de um dirigente e o participante dever\u00e1 comprometer-se a fazer o curso completo.<\/p>\n<h3><span style=\"color: #099ba3;\">Hor\u00e1rio e local:<\/span><\/h3>\n[\/vc_column_text][vc_row_inner][vc_column_inner][vc_column_text]\n<h5>CEAK Sede<\/h5>\n<p>Cinco encontros, aos s\u00e1bados, em data e hor\u00e1rio a serem programados no decorrer do ano.<\/p>\n<p><span style=\"color: #a6a6a6;\">Rua Irm\u00e3 Serafina, 707 \u2013 Centro<\/span>[\/vc_column_text][\/vc_column_inner][\/vc_row_inner][vc_column_text]Informa\u00e7\u00f5es: <a href=\"mailto: cedd@ceak.org.br\"> cedd@ceak.org.br <\/a> ou Fone:\u00a0<a href=\"tel:+551925148763\">(19) 2514-8763<\/a>[\/vc_column_text][\/vc_tta_section][vc_tta_section title=&#8221;Curso de Expositor II (Preletores)&#8221; tab_id=&#8221;1489097557763-a53eecc0-9275&#8243;][vc_column_text]Tem como objetivo preparar preletores, que s\u00e3o aqueles que compartilham os ensinos e reflex\u00f5es do Evangelho Segundo o Espiritismo numa linguagem atual com o p\u00fablico que est\u00e1 em assist\u00eancia espiritual. Este curso \u00e9 direcionado aos que gostam muito de estudar o Evangelho Segundo o Espiritismo, os ensinos de Jesus e desejam entender e compreender o Novo Testamento e, mais do que isso, compartilhar esse aprendizado, essa assimila\u00e7\u00e3o, com o p\u00fablico que chega \u00e0 nossa institui\u00e7\u00e3o carente desse ensino espiritual. Trata-se de um curso\/ oficina, uma vez que s\u00e3o trabalhados em conjunto a identifica\u00e7\u00e3o do tema e a elabora\u00e7\u00e3o do texto, extraindo a ess\u00eancia dos ensinamentos a serem transmitidos, bem como as t\u00e9cnicas de apresenta\u00e7\u00e3o da prele\u00e7\u00e3o. O requisito para participar do curso de preletores \u00e9 ter realizado o curso Estudos Complementares (4\u00ba ano) e comprometer-se a participar de todas as aulas e est\u00e1gio. O encaminhamento se d\u00e1 pelo Dirigente do grupo no qual trabalha.<\/p>\n<h3><span style=\"color: #099ba3;\">Hor\u00e1rio e local:<\/span><\/h3>\n[\/vc_column_text][vc_row_inner][vc_column_inner][vc_column_text]\n<h5>CEAK Sede<\/h5>\n<p>Cinco encontros, aos s\u00e1bados, em data e hor\u00e1rio a serem programados no decorrer do ano.<\/p>\n<p><span style=\"color: #a6a6a6;\">Rua Irm\u00e3 Serafina, 707 \u2013 Centro<\/span>[\/vc_column_text][\/vc_column_inner][\/vc_row_inner][vc_column_text]Informa\u00e7\u00f5es: <a href=\"mailto: cae@ceak.org.br \"> cae@ceak.org.br <\/a> ou Fone:\u00a0<a href=\"tel:+551925148763\">(19) 2514-8763<\/a>[\/vc_column_text][\/vc_tta_section][vc_tta_section title=&#8221;Curso de Entrevistador ou Acolhimento Fraterno&#8221; tab_id=&#8221;1489097560766-01d043d3-3b6e&#8221;][vc_column_text]ste curso tem como objetivo preparar volunt\u00e1rios para recepcionar e dialogar com \u00e0queles que chegam \u00e0 Casa Esp\u00edrita em busca de esclarecimentos e conforto espiritual. Para realizar esse curso \u00e9 necess\u00e1rio que o aluno seja encaminhado pelo dirigente do grupo em que atua e que tenha conclu\u00eddo o 4\u00ba ano (Estudos Complementares). Pessoas de outras Casas Esp\u00edritas podem participar mediante encaminhamento por escrito.<\/p>\n<h3><span style=\"color: #099ba3;\">Hor\u00e1rio e local:<\/span><\/h3>\n[\/vc_column_text][vc_row_inner][vc_column_inner][vc_column_text]\n<h5>CEAK Sede<\/h5>\n<p>Cinco encontros, aos s\u00e1bados, em data e hor\u00e1rio a serem programados. Este curso acontece a cada dois anos ou quando h\u00e1 grande procura para que possa suprir as equipes do Plant\u00e3o Geral. As inscri\u00e7\u00f5es s\u00e3o reservadas para pessoas que tenham conclu\u00eddo o 4\u00ba ano (Estudos Complementares) e encaminhadas pelo dirigente do grupo em que atua ou de outras casas esp\u00edritas.<\/p>\n<p><span style=\"color: #a6a6a6;\">Rua Irm\u00e3 Serafina, 707 \u2013 Centro<\/span>[\/vc_column_text][\/vc_column_inner][\/vc_row_inner][vc_column_text]Informa\u00e7\u00f5es: <a href=\"mailto: cae@ceak.org.br\"> cae@ceak.org.br <\/a> ou Fone:\u00a0<a href=\"tel:+551925148763\">(19) 2514-8763<\/a>[\/vc_column_text][\/vc_tta_section][vc_tta_section title=&#8221;Curso de Dialogador&#8221; tab_id=&#8221;1489097563872-64b8e436-6b9c&#8221;][vc_column_text]O objetivo do curso \u00e9 preparar colaboradores para o atendimento aos esp\u00edritos comunicantes. Utilizando o livro \u201cConversando com os Esp\u00edritos Na Reuni\u00e3o Medi\u00fanica\u201d (de Therezinha Oliveira) \u00e9 abordado o que \u00e9 o di\u00e1logo, seus prop\u00f3sitos \u00e0 luz do Espiritismo, quem dele participa e nele interv\u00e9m. O curso proporciona din\u00e2mica entre os participantes e o estudo de di\u00e1logos interessantes ocorridos em nossa Casa. Para participar \u00e9 necess\u00e1rio ter conclu\u00eddo ou estar concluindo o curso de Reuni\u00f5es Medi\u00fanicas (3\u00ba ano) e ser indicado pelo dirigente do curso ou de reuni\u00f5es doutrin\u00e1rias.<\/p>\n<h3><span style=\"color: #099ba3;\">Hor\u00e1rio e local:<\/span><\/h3>\n[\/vc_column_text][vc_row_inner][vc_column_inner][vc_column_text]\n<h5>CEAK Sede<\/h5>\n<p>Cinco encontros, aos s\u00e1bados, em data e hor\u00e1rio a serem programados no decorrer do ano.<\/p>\n<p><span style=\"color: #a6a6a6;\">Rua Irm\u00e3 Serafina, 707 \u2013 Centro<\/span>[\/vc_column_text][\/vc_column_inner][\/vc_row_inner][vc_column_text]Informa\u00e7\u00f5es: <a href=\"mailto: cae@ceak.org.br\"> cae@ceak.org.br <\/a> ou Fone:\u00a0<a href=\"tel:+551925148763\">(19) 2514-8763<\/a>[\/vc_column_text][\/vc_tta_section][vc_tta_section title=&#8221;Estudos e Reflex\u00f5es da Fam\u00edlia \u00e0 Luz do Espiritismo&#8221; tab_id=&#8221;1489097567088-ff976d2a-477c&#8221;][vc_column_text]Visando uma aten\u00e7\u00e3o global \u00e0 estrutura familiar, o CEAK oferece os Grupos de Estudos e Reflex\u00f5es da Fam\u00edlia \u00e0 luz do Espiritismo. Voltado a adultos que desejam estudar, trocar ideias e experi\u00eancias sobre diversos assuntos referentes ao universo familiar sob a \u00f3tica esp\u00edrita.<\/p>\n<p>Para participar \u00e9 necess\u00e1rio realizar inscri\u00e7\u00e3o pr\u00e9via, necess\u00e1ria para a melhor organiza\u00e7\u00e3o dos preparativos das aulas. N\u00e3o \u00e9 necess\u00e1rio ser esp\u00edrita para frequent\u00e1-los. O CEAK disp\u00f5e ainda de atividades oferecidas para <a href=\"#criancas\">crian\u00e7as<\/a> e <a href=\"#mocidade\">jovens<\/a>.<\/p>\n<h3><span style=\"color: #099ba3;\">Hor\u00e1rios e locais:<\/span><\/h3>\n[\/vc_column_text][vc_row_inner][vc_column_inner][vc_column_text]\n<h5>Modalidade virtual<\/h5>\n<p>Quartas-feiras, das 20h \u00e0s 21h15[\/vc_column_text][\/vc_column_inner][\/vc_row_inner][vc_column_text]Informa\u00e7\u00f5es: <a href=\"mailto: cimf.ceak@ceak.org.br \"> cimf.ceak@ceak.org.br <\/a> ou Fone:\u00a0<a href=\"tel:+551925148763\">(19) 2514-8763<\/a>[\/vc_column_text][\/vc_tta_section][\/vc_tta_accordion][\/vc_column][\/vc_row][vc_row][vc_column][vc_empty_space height=&#8221;15px&#8221;][vc_separator][vc_empty_space height=&#8221;15px&#8221;][\/vc_column][\/vc_row][vc_row el_id=&#8221;criancas&#8221;][vc_column width=&#8221;1\/2&#8243;][vc_column_text]\n<h2>Educa\u00e7\u00e3o Esp\u00edrita para crian\u00e7as<\/h2>\n<p>A Educa\u00e7\u00e3o Esp\u00edrita para crian\u00e7as est\u00e1 presente no Centro Esp\u00edrita Allan Kardec desde os primeiros anos de sua funda\u00e7\u00e3o. Para Gustavo Marcondes e Serv\u00edlio Marrone, fundadores da entidade, era muito importante oferecer \u00e0 alma infantil os esclarecimentos consoladores e norteadores do Espiritismo.<\/p>\n<p>O objetivo da Educa\u00e7\u00e3o Esp\u00edrita para crian\u00e7as do CEAK \u00e9 oferecer conhecimento esp\u00edrita dentro do universo infantil, com muitas brincadeiras e jogos l\u00fadicos em que o conhecimento \u00e9 mediado. Os Educadores Esp\u00edritas precisam ter conhecimento doutrin\u00e1rio suficiente e buscar atualiza\u00e7\u00e3o constante no campo da educa\u00e7\u00e3o esp\u00edrita e do Esp\u00edrito, compreendendo que a crian\u00e7a de hoje \u00e9 o esp\u00edrito imortal em nova oportunidade de aprendizado e progresso moral e espiritual.<\/p>\n<p>Podem ingressar na Educa\u00e7\u00e3o Esp\u00edrita, crian\u00e7as entre 04 e 14 anos. As matr\u00edculas abrem no in\u00edcio de cada ano para organiza\u00e7\u00e3o do curso, mas \u00e9 poss\u00edvel ingressar durante todo o ano.<\/p>\n<h3><span style=\"color: #099ba3;\">Hor\u00e1rios e locais:<\/span><\/h3>\n[\/vc_column_text][\/vc_column][vc_column width=&#8221;1\/2&#8243;][vc_single_image image=&#8221;481&#8243; img_size=&#8221;full&#8221; alignment=&#8221;right&#8221; style=&#8221;vc_box_shadow_3d&#8221; css_animation=&#8221;none&#8221;][\/vc_column][\/vc_row][vc_row][vc_column][vc_row_inner][vc_column_inner width=&#8221;1\/3&#8243;][vc_column_text]\n<h5>CEAK Sede<\/h5>\n<p>Aos domingos, das 9h \u00e0s 11h<\/p>\n<p><span style=\"color: #a6a6a6;\">Rua Irm\u00e3 Serafina, 674 \u2013 Centro<\/span>[\/vc_column_text][\/vc_column_inner][vc_column_inner width=&#8221;1\/3&#8243;][vc_column_text]\n<h5>CEAK &#8211; N\u00facleo Vila Nova<\/h5>\n<p>Aos domingos, das 9h \u00e0s 11h<br \/>\nSegundas-feiras, das 20h \u00e0s 21h30<br \/>\nQuartas-feiras, das 20h \u00e0s 21h30<\/p>\n<p><span style=\"color: #a6a6a6;\">Av. Theodureto de Almeida Camargo, 750 \u2013 Vila Nova \u2013 pr\u00e9dio do Educand\u00e1rio Eur\u00edpedes, anexo \u00e0 padaria Bambini<\/span>[\/vc_column_text][\/vc_column_inner][vc_column_inner width=&#8221;1\/3&#8243;][vc_column_text]\n<h5>CEAK &#8211; Alvorada de Cristo<\/h5>\n<p>Aos domingos, das 9h \u00e0s 11h<\/p>\n<p><span style=\"color: #a6a6a6;\">Rua do Professor, 292 \u2013 Jardim Proen\u00e7a<\/span>[\/vc_column_text][\/vc_column_inner][\/vc_row_inner][vc_column_text]Informa\u00e7\u00f5es: <a href=\"mailto: cimf.ceak@ceak.org.br \"> cimf.ceak@ceak.org.br <\/a> ou Fone:\u00a0<a href=\"tel:+551925148763\">(19) 2514-8763<\/a>[\/vc_column_text][\/vc_column][\/vc_row][vc_row][vc_column][vc_empty_space height=&#8221;15px&#8221;][vc_separator][vc_empty_space height=&#8221;15px&#8221;][\/vc_column][\/vc_row][vc_row el_id=&#8221;mocidade&#8221;][vc_column width=&#8221;1\/2&#8243;][vc_column_text]\n<h2>Mocidade Esp\u00edrita<\/h2>\n<p>Assim como a Educa\u00e7\u00e3o Esp\u00edrita Infantil, a Mocidade Esp\u00edrita tamb\u00e9m est\u00e1 presente no CEAK desde sua funda\u00e7\u00e3o. Importantes figuras do CEAK iniciaram seus trabalhos na Mocidade, como \u00e9 o caso de Therezinha Oliveira e Daisy Jurgensen Machado (conhe\u00e7a mais sobre elas em PERSONALIDADES).<\/p>\n<p>Sob a tutela da Coordenadoria de Inf\u00e2ncia, Mocidade e Fam\u00edlia, o objetivo da Mocidade \u00e9 estimular o pr\u00f3prio jovem ao estudo da doutrina e de tem\u00e1ticas do universo jovem, sob a \u00f3tica esp\u00edrita. Com metodologia apropriada \u00e0 faixa et\u00e1ria, o curso conta com discuss\u00f5es em grupo, din\u00e2micas, atividades externas, viv\u00eancias e envolvimento com as atividades volunt\u00e1rias do CEAK. Os jovens participam tamb\u00e9m de in\u00fameros encontros de mocidades e juventudes esp\u00edritas, possibilitando assim, a troca, a amizade e o contato com outros jovens que compartilham dos mesmos objetivos e interesses.<\/p>\n<p>Para fazer parte dos grupos da Mocidade Esp\u00edrita, o jovem precisa ter entre 16 e 24 anos. O in\u00edcio da participa\u00e7\u00e3o pode acontecer em qualquer tempo ao longo do ano, pois a metodologia empregada possibilita essa flexibilidade.<\/p>\n<h3><span style=\"color: #099ba3;\">Hor\u00e1rios e locais:<\/span><\/h3>\n[\/vc_column_text][\/vc_column][vc_column width=&#8221;1\/2&#8243;][vc_single_image image=&#8221;482&#8243; img_size=&#8221;full&#8221; alignment=&#8221;right&#8221; style=&#8221;vc_box_shadow_3d&#8221; css_animation=&#8221;none&#8221;][\/vc_column][\/vc_row][vc_row][vc_column][vc_row_inner][vc_column_inner width=&#8221;1\/3&#8243;][vc_column_text]\n<h5>CEAK Sede<\/h5>\n<p><strong>Mocidade Allan Kardec<\/strong><br \/>\nAos domingos, das 9h \u00e0s 11h<\/p>\n<p><span style=\"color: #a6a6a6;\">Rua Irm\u00e3 Serafina, 674 \u2013 Centro<\/span>[\/vc_column_text][\/vc_column_inner][vc_column_inner width=&#8221;1\/3&#8243;][vc_column_text]\n<h5>CEAK &#8211; N\u00facleo Vila Nova<\/h5>\n<p><strong>Mocidade Amigos Esp\u00edritas<\/strong><br \/>\nAos domingos, das 9h \u00e0s 11h<br \/>\nSegundas-feiras, das 20h \u00e0s 22h<br \/>\nQuartas-feiras, das 20h \u00e0s 22h<\/p>\n<p><span style=\"color: #a6a6a6;\">Av. Theodureto de Almeida Camargo, 750 \u2013 Vila Nova \u2013 pr\u00e9dio do Educand\u00e1rio Eur\u00edpedes, anexo \u00e0 padaria Bambini<\/span>[\/vc_column_text][\/vc_column_inner][vc_column_inner width=&#8221;1\/3&#8243;][vc_column_text]\n<h5>CEAK &#8211; Alvorada de Cristo<\/h5>\n<p><strong>Mocidade Alvorada<\/strong><br \/>\nAos domingos, das 9h \u00e0s 11h<\/p>\n<p><span style=\"color: #a6a6a6;\">Rua do Professor, 292 \u2013 Jardim Proen\u00e7a<\/span>[\/vc_column_text][\/vc_column_inner][\/vc_row_inner][vc_column_text]Informa\u00e7\u00f5es: <a href=\"mailto: cimf.ceak@ceak.org.br \"> cimf.ceak@ceak.org.br <\/a> ou Fone:\u00a0<a href=\"tel:+551925148763\">(19) 2514-8763<\/a>[\/vc_column_text][\/vc_column][\/vc_row][vc_row][vc_column][vc_empty_space height=&#8221;15px&#8221;][vc_separator][vc_empty_space height=&#8221;15px&#8221;][\/vc_column][\/vc_row]\n","protected":false},"excerpt":{"rendered":"[vc_row][vc_column][vc_column_text] Cursos [\/vc_column_text][\/vc_column][\/vc_row][vc_row][vc_column width=&#8221;1\/2&#8243;][vc_column_text]\u201cUm curso regular de Espiritismo seria dado com o fim de desenvolver os princ\u00edpios da Ci\u00eancia esp\u00edrita e propagar o gosto pelos estudos s\u00e9rios. Esse curso ter\u00e1 a vantagem de criar a unidade dos princ\u00edpios, de obter adeptos esclarecidos, capazes de difundir as ideias esp\u00edritas e de desenvolver grande n\u00fameros de m\u00e9diuns. [&hellip;]\n","protected":false},"author":1,"featured_media":0,"parent":0,"menu_order":0,"comment_status":"closed","ping_status":"closed","template":"page-blank-container.php","meta":[],"_links":{"self":[{"href":"https:\/\/ceak.org.br\/ceak\/wp-json\/wp\/v2\/pages\/467"}],"collection":[{"href":"https:\/\/ceak.org.br\/ceak\/wp-json\/wp\/v2\/pages"}],"about":[{"href":"https:\/\/ceak.org.br\/ceak\/wp-json\/wp\/v2\/types\/page"}],"author":[{"embeddable":true,"href":"https:\/\/ceak.org.br\/ceak\/wp-json\/wp\/v2\/users\/1"}],"replies":[{"embeddable":true,"href":"https:\/\/ceak.org.br\/ceak\/wp-json\/wp\/v2\/comments?post=467"}],"version-history":[{"count":43,"href":"https:\/\/ceak.org.br\/ceak\/wp-json\/wp\/v2\/pages\/467\/revisions"}],"predecessor-version":[{"id":21011,"href":"https:\/\/ceak.org.br\/ceak\/wp-json\/wp\/v2\/pages\/467\/revisions\/21011"}],"wp:attachment":[{"href":"https:\/\/ceak.org.br\/ceak\/wp-json\/wp\/v2\/media?parent=467"}],"curies":[{"name":"wp","href":"https:\/\/api.w.org\/{rel}","templated":true}]}}