{"id":612,"date":"2017-04-18T20:46:35","date_gmt":"2017-04-18T20:46:35","guid":{"rendered":"http:\/\/ceak.org.br\/ceak\/?page_id=612"},"modified":"2017-06-14T07:16:50","modified_gmt":"2017-06-14T07:16:50","slug":"datas-marcantes","status":"publish","type":"page","link":"https:\/\/ceak.org.br\/ceak\/datas-marcantes\/","title":{"rendered":"Datas marcantes"},"content":{"rendered":"[vc_row][vc_column][vc_column_text]\n<h1>Datas marcantes<\/h1>\n[\/vc_column_text][\/vc_column][\/vc_row][vc_row][vc_column][vc_tta_pageable no_fill_content_area=&#8221;1&#8243; active_section=&#8221;5&#8243; tab_position=&#8221;top&#8221;][vc_tta_section title=&#8221;Janeiro&#8221; tab_id=&#8221;1492542639341-dc4f6f2c-da94&#8243;][vc_column_text]\n<h1 style=\"text-align: center;\"><span style=\"color: #099ba3;\">JANEIRO<\/span><\/h1>\n<p><strong>01\/01<\/strong><br \/>\n\u00c9 fundada por Allan Kardec, em 1858, a Revista Esp\u00edrita, publica\u00e7\u00e3o mensal que apresentava a situa\u00e7\u00e3o mundial do Espiritismo, assim como textos e comunica\u00e7\u00f5es medi\u00fanicas sobre assuntos diversos do movimento.<br \/>\nNasce, em 1846, L\u00e9on Denis, autor de v\u00e1rias obras esp\u00edritas. \u00c9 considerado o grande fil\u00f3sofo da doutrina.<\/p>\n<p><strong>02\/01<\/strong><br \/>\nReencarna, em 1889, em Botucatu (SP), o professor Carlos Carmine Mirabelli, m\u00e9diuns brasileiros; foi pesquisado por cientistas e principalmente pelo Instituto \u201cC\u00e9sar Lombrose\u201d.<\/p>\n<p><strong>03\/01<\/strong><br \/>\nReencarna na Fran\u00e7a, em 1412, Joana D\u2019Arc. Reconhecida m\u00e9dium, foi sacrificada na fogueira devido a seus dons medi\u00fanicos ostensivos.<\/p>\n<p><strong>06\/01<\/strong><br \/>\n\u00c9 colocada \u00e0 venda a primeira edi\u00e7\u00e3o da G\u00eanese, de Allan Kardec, em 1808.<\/p>\n<p><strong>09\/01<\/strong><br \/>\nNasce em G\u00eanova, na It\u00e1lia, em 1862, o Dr.Ernesto Bozzano. Pesquisador, dedicou-se ao estudo dos fen\u00f4menos esp\u00edritas. Autor de v\u00e1rias obras do g\u00eanero.<\/p>\n<p><strong>10\/01<\/strong><br \/>\nDesencarna, em 1969, aos 91 anos, a m\u00e9dium Zilda Gama, que psicografou do esp\u00edrito Victor Hugo os livros: \u201cNa Sombra e na Luz\u201d e \u201cReden\u00e7\u00e3o\u201d, entre outros livros que recebeu da espiritualidade.<\/p>\n<p><strong>12\/01<\/strong><br \/>\nReencarna em Zurique, Su\u00ed\u00e7a, o educador Jo\u00e3o Henrique Pestalozzi, em 1827. Teve grande influ\u00eancia na forma\u00e7\u00e3o de Hippolyte L\u00e9on Denizard Rivail, reconhecido mais tarde como Allan Kardec.<\/p>\n<p><strong>13\/01<\/strong><br \/>\nPrimeira reuni\u00e3o de m\u00e9dicos esp\u00edritas para fundar a Associa\u00e7\u00e3o de M\u00e9dicos Esp\u00edritas, em S\u00e3o Paulo (SP), em 1968.<\/p>\n<p><strong>15\/01<\/strong><br \/>\nLan\u00e7ada em 1861, a primeira edi\u00e7\u00e3o de O Livro dos M\u00e9diuns, de Allan Kardec.<\/p>\n<p><strong>21\/01<\/strong><br \/>\nDesencarna em 1883, aos 87 anos Am\u00e9lie Gabrielle Bouder, vi\u00fava de Allan Kardec.<br \/>\nNasce em N\u00e1poles, It\u00e1lia, em 1854, Eus\u00e1pia Paladino, not\u00e1vel m\u00e9dium de efeitos f\u00edsicos. Foi pesquisada por in\u00fameros cientistas, convencendo v\u00e1rios sobre a veracidade da comunica\u00e7\u00e3o espiritual.<\/p>\n<p><strong>22\/01<\/strong><br \/>\nDesencarna, em 1909, Ant\u00f4nio Gon\u00e7alves da Silva Batu\u00edra. Comerciante, converteu-se ao espiritismo, do qual se tornou ardoroso divulgador. Criou v\u00e1rios grupos esp\u00edritas em v\u00e1rios estados.[\/vc_column_text][\/vc_tta_section][vc_tta_section title=&#8221;Mar\u00e7o&#8221; tab_id=&#8221;1492542639396-9f3c9309-575f&#8221;][vc_column_text]\n<h1 style=\"text-align: center;\"><span style=\"color: #099ba3;\">MAR\u00c7O<\/span><\/h1>\n<p><strong>03\/03<\/strong><br \/>\nDesencarna, em S\u00e3o Paulo, Edalides Lian de Rezende, irm\u00e3 de Eur\u00edpides Barsanulfo, em 1984.<\/p>\n<p><strong>05\/03<\/strong><br \/>\nDesencarna na Alemanha o m\u00e9dico e magnetizador Franz Anton Mesmer, em 1815.<\/p>\n<p><strong>09\/03<\/strong><br \/>\nDesencarna em 1979 Jos\u00e9 Herculano Pires, esp\u00edrita erudito, autor de v\u00e1rios livros.<br \/>\nDesencarna no Rio de Janeiro, RJ, Ivone do Amaral Pereira, em 1984.<\/p>\n<p><strong>11\/03<\/strong><br \/>\nNasce em Juiz de Fora, Minas Gerais, a m\u00e9dium Zilda Gama.<br \/>\nDesencarna em Niter\u00f3i, RJ, Jo\u00e3o Batista Chagas, em 1951. Foi um dos organizadores do I Congresso de Mocidades Esp\u00edritas do Brasil.<\/p>\n<p><strong>14\/03<\/strong><br \/>\nO Ingl\u00eas Alfred Russewt Wallace obt\u00e9m a fotografia de um esp\u00edrito materializado. Foi o primeiro cientista a conseguir tal fa\u00e7anha.<\/p>\n<p><strong>16\/03<\/strong><br \/>\nDesencarna, em 1893, Luis Ol\u00edmpio Teles Menezes, pioneiro do espiritismo no Brasil. Fundou o Grupo Familiar do Espiritismo, em 1865, e o jornal Eco d\u2019Al\u00e9m &#8211; T\u00famulo.<\/p>\n<p><strong>19\/03<\/strong><br \/>\nNasce, em 1839, na Freguesia de \u00c1guas Santas, Portugal, Ant\u00f4nio Gon\u00e7alves da Silva (Batu\u00edra).<\/p>\n<p><strong>21\/03<\/strong><br \/>\nDesencarna em S\u00e3o Paulo, em 1952, o Dr. Artur Lins de Vasconcelos Lopes. Teve participa\u00e7\u00e3o ativa no \u201cPacto Aureo\u201d, sendo um dos integrantes da \u201cCaravana da Fraternidade\u201d, que percorreu v\u00e1rios estados em prol da unifica\u00e7\u00e3o.<\/p>\n<p><strong>22\/03<\/strong><br \/>\n\u00c9 publicada, em 1882, a primeira edi\u00e7\u00e3o em l\u00edngua portuguesa da &#8220;A G\u00eanese&#8221;, de Allan Kardec.<\/p>\n<p><strong>23\/03<\/strong><br \/>\nNasce, em 1837, Gabriel Delanne, considerado o cientista da codifica\u00e7\u00e3o esp\u00edrita.<\/p>\n<p><strong>25\/03<\/strong><br \/>\nEm 1856, Allan Kardec toma conhecimento, por meio de uma comunica\u00e7\u00e3o medi\u00fanica, da exist\u00eancia do esp\u00edrito &#8220;A Verdade&#8221;, esteio da codifica\u00e7\u00e3o,<\/p>\n<p><strong>31\/03<\/strong><br \/>\nDesencarna em Paris, por rompimento de um aneurisma, o Professor Denizard Hypolitte L\u00e9on Rivail, mais conhecido por Allan Kardec, o Codificador, que deu ao mundo o conhecimento cient\u00edfico, filos\u00f3fico e religioso da Doutrina Esp\u00edrita.<br \/>\nO esp\u00edrito Humberto de Campos, que passou a assinar Irm\u00e3o X, presta homenagem ao primeiro centen\u00e1rio da desencarna\u00e7\u00e3o de Allan Kardec.[\/vc_column_text][\/vc_tta_section][vc_tta_section title=&#8221;Abril&#8221; tab_id=&#8221;1492542798138-c6925437-1925&#8243;][vc_column_text]\n<h1 style=\"text-align: center;\"><span style=\"color: #099ba3;\">ABRIL<\/span><\/h1>\n<p><strong>01\/04<\/strong><br \/>\nFundada, em 1858, a Sociedade Esp\u00edrita de Paris, por Allan Kardec e outros adeptos do movimento.<\/p>\n<p><strong>02\/04<\/strong><br \/>\nDesencarna Ernesto Bozzano, pesquisador esp\u00edrita, autor de diversas obras, como: Metapis\u00edquica Humana, Pensamento e Vontade, Animismo ou Espiritismo, entre outras.<\/p>\n<p>Allan Kardec \u00e9 sepultado no Cemit\u00e9rio de Montmartre, 1869.<\/p>\n<p>Nasce em Pedro Leopoldo, Minas Gerais, em 1910, Francisco de Paula C\u00e2ndido Xavier, mais conhecido como Chico Xavier, o not\u00e1vel m\u00e9dium psic\u00f3grafo.<\/p>\n<p><strong>11\/04<\/strong><br \/>\nDesencarna, em 1900, no Rio de Janeiro, o Dr.Adolfo Bezerra de Menezes, o grande esteio do espiritismo brasileiro cognominado o M\u00e9dico dos Pobres.<\/p>\n<p><strong>12\/04<\/strong><br \/>\nDesencarna, em 1927, L\u00e9on Denis, que desenvolveu em especial a parte filos\u00f3fica da doutrina esp\u00edrita. Autor, entre outras obras, de O Problema do Ser, do Destino e da dor.<\/p>\n<p><strong>15\/04<\/strong><br \/>\nEm 1864, em paris, Allan Kardec lan\u00e7a \u201cImita\u00e7\u00e3o do Evangelho\u201d, que a partir da 2\u00ba edi\u00e7\u00e3o Tomou o nome definitivo de \u201cO Evangelho Segundo o Espiritismo\u201d<\/p>\n<p><strong>18\/04<\/strong><br \/>\n\u00c9 lan\u00e7ada em Paris, em 1857, a primeira edi\u00e7\u00e3o de O Livro dos Esp\u00edritos, de Allan Kardec.<br \/>\nNasce em Taubat\u00e9 o escritor esp\u00edrita Jos\u00e9 Bento Monteiro Lobato.<\/p>\n<p><strong>19\/04<\/strong><br \/>\nNasce em Portugal, em 1862, In\u00e1cio Bittencourt. Emigrou para o Brasil, vindo a residir no Rio de Janeiro, onde se converteu ao espiritismo e teve destacada atua\u00e7\u00e3o no movimento.<\/p>\n<p><strong>21\/04<\/strong><br \/>\nFoi fundado no Rio de Janeiro, em 1889, o Centro Esp\u00edrita do Brasil, tendo como seu primeiro presidente Adolfo Bezerra de Menezes, que instalou a primeira Escola de M\u00e9diuns, junto com Augusto Elias da Silva.<\/p>\n<p><strong>22\/04<\/strong><br \/>\nDesencarna, em 1904, Florence Cook, a m\u00e9dium de materializa\u00e7\u00f5es do esp\u00edrito Katie King, estudada profundamente pelo cientista William Crookes.<\/p>\n<p><strong>24\/04<\/strong><br \/>\nDesencarna no Rio de Janeiro o jornalista e escritor Deolindo Amorim, em 1984.<\/p>\n<p><strong>29\/04<\/strong><br \/>\nLan\u00e7ado, em 1864, O Evangelho Segundo o Espiritismo, de Allan Kardec.<\/p>\n<p><strong>30\/04<\/strong><br \/>\nTransmitida a Allan Kardec, em 1856, a primeira revela\u00e7\u00e3o medi\u00fanica a respeito da miss\u00e3o que haveria de desempenhar.[\/vc_column_text][\/vc_tta_section][vc_tta_section title=&#8221;Maio&#8221; tab_id=&#8221;1492548310193-12edfd69-50c5&#8243;][vc_column_text]\n<h1 style=\"text-align: center;\"><span style=\"color: #099ba3;\">MAIO<\/span><\/h1>\n<p><strong>01\/05<\/strong><br \/>\nNasce, em 1880, na cidade de Sacramento, Minas Gerais, Eur\u00edpedes Barsanulfo. Autodidata, lecionava in\u00fameras disciplinas. Convertido ao espiritismo, fundou o Col\u00e9gio Allan Kardec.<br \/>\nFundado o jornal esp\u00edrita Aurora, em 1911, por Ign\u00e1cio Bittencourt.<\/p>\n<p><strong>04\/05<\/strong><br \/>\nEm 1929, desencarna em Londres (Inglaterra) o famoso cientista brit\u00e2nico Willia Crookes, que realizou sess\u00f5es de materializa\u00e7\u00e3o bem documentadas do Esp\u00edrito Katie King, com a m\u00e9dium Florence Cook.<\/p>\n<p><strong>05\/05<\/strong><br \/>\nNasce em Feira de Santana, Bahia, em 1927, o m\u00e9dium e tribuno esp\u00edrita Divaldo Pereira Franco. Entre suas obras, criou a Mans\u00e3o do Caminho, obra assistencial e educativa voltada aos menores, em Salvador.<br \/>\n\u00c9 publicado, em 1964, o primeiro livro psicografado por Divaldo Franco, intitulado Messe do Amor, do esp\u00edrito Joanna de \u00c2ngelis.<\/p>\n<p><strong>07\/05<\/strong><br \/>\nNasce em Piracicaba, S\u00e3o Paulo, em 1878, Pedro de Camargo, mais conhecido como \u201cVinicius\u201d. Dedicou mais de 50 anos a tarefas de educa\u00e7\u00e3o e evangeliza\u00e7\u00e3o esp\u00edrita.<br \/>\nA FEB \u00e9 considerada de utilidade p\u00fablica pelo Decreto-Lei 4.765, em 1934.<\/p>\n<p><strong>08\/05<\/strong><br \/>\nEm 1852 \u00e9 publicado, nos Estados Unidos, o primeiro jornal espiritualista do mundo, o The Spiritual Telegraph.<\/p>\n<p><strong>15\/05<\/strong><br \/>\nRealiza-se em Lisboa, Portugal, em 1925, o 1\u00ba Congresso Esp\u00edrita Portugu\u00eas.<\/p>\n<p><strong>19\/05<\/strong><br \/>\nFrancisco C\u00e2ndido Xavier recebe o t\u00edtulo de Cidad\u00e3o Honor\u00e1rio de S\u00e3o Paulo, em 1973.<\/p>\n<p><strong>21\/05<\/strong><br \/>\nRealizada, em 1874, sess\u00e3o medi\u00fanica de despedida do esp\u00edrito Katie King, que durante dois anos, em sess\u00f5es semanais, materializou-se por interm\u00e9dio da m\u00e9dium Florence Cook para as pesquisas do s\u00e1bio Sir William Crookes.<\/p>\n<p><strong>22\/05<\/strong><br \/>\nBezerra de Menezes toma posse, no Rio de Janeiro, como deputado geral na Assembl\u00e9ia Geral do Imp\u00e9rio, 1867.<\/p>\n<p>Desencarna, na Fran\u00e7a, o romancista esp\u00edrita Victor-Marie Hugo, em 1885. Assistindo a sess\u00f5es esp\u00edritas pelo m\u00e9dium Girardini, converteu-se ao Espiritismo. Autor de \u201cOs Miser\u00e1veis\u201d, \u201cO Homem que Ri\u201d, \u201cO Corcunda de Notre Dame\u201d etc. Como esp\u00edrito escolheu o Brasil para editar diversos livros atrav\u00e9s de m\u00e9diuns como Zilda Gama e Divaldo P. Franco.[\/vc_column_text][\/vc_tta_section][vc_tta_section title=&#8221;Junho&#8221; tab_id=&#8221;1492548406747-24c240ac-8979&#8243;][vc_column_text]\n<h1 style=\"text-align: center;\"><span style=\"color: #099ba3;\">JUNHO<\/span><\/h1>\n<p><strong>03\/06<\/strong><br \/>\nDesencarna, em 1925, Camille Flammarion, astr\u00f4nomo de renome e pesquisador Esp\u00edrita, autor de v\u00e1rios livros.<\/p>\n<p><strong>05\/06<\/strong><br \/>\nPrimeiro Congresso Educacional Paulista, em 1947, em S\u00e3o Paulo. Nessa ocasi\u00e3o foi fundada a USE ( Uni\u00e3o das Sociedades Esp\u00edritas do Estado de S\u00e3o Paulo).<br \/>\nNasce na Inglaterra, em 1849, William Thomas Stead, m\u00e9dium psic\u00f3grafo e c\u00e9lebre publicista.<\/p>\n<p><strong>11\/06<\/strong><br \/>\nFoi fundada a Sociedade de Medicina e Espiritismo do Rio de Janeiro, em 1941.<\/p>\n<p><strong>12\/06<\/strong><br \/>\nEm 1856, Allan Kardec, por interm\u00e9dio da m\u00e9dium Aline C. , recebe a confirma\u00e7\u00e3o do Esp\u00edrito de Verdade a respeito de sua miss\u00e3o.<\/p>\n<p><strong>16\/06<\/strong><br \/>\nDesencarna, em 1966, Francisco Peixoto Lins, o Peixotinho, extraordin\u00e1rio m\u00e9dium de efeitos f\u00edsicos.<\/p>\n<p>Willian Crooks entrega \u00e0 Rainha Vit\u00f3ria da Inglaterra relat\u00f3rio confirmando a veracidade dos fen\u00f4menos produzidos pela m\u00e9dium Florence Cook, em 1871.<br \/>\n\u00c9 instaurado, em 1875, o \u201cProcesso dos Esp\u00edritas\u201d, procedimento judicial condenando a pr\u00e1tica das chamadas fotografias medi\u00fanicas, sob a alega\u00e7\u00e3o de fraude.<\/p>\n<p><strong>23\/06<\/strong><br \/>\nFundado em Florian\u00f3polis, em 1946, na penitenci\u00e1ria local, o grupo esp\u00edrita A Caminhada da Luz.<\/p>\n<p><strong>24\/06<\/strong><br \/>\nDesencarna, em 1943, Ernesto Bozzano, cientista que pesquisou a fenomenologia esp\u00edrita.Autor de diversas obras como: \u201cMetaps\u00edquica Humana\u201d, \u201cEnigmas da Psicometria\u201d, dentre outras.<\/p>\n<p><strong>26\/06<\/strong><br \/>\nHumberto de Campos, dois anos e meio ap\u00f3s sua desencarna\u00e7\u00e3o, j\u00e1 em 26 de junho de 1937, seu esp\u00edrito inicia o ditado de sua primeira obra medi\u00fanica, atrav\u00e9s da psicografia do m\u00e9dium Francisco C\u00e2ndido Xavier, que recebeu o t\u00edtulo de: \u201cCr\u00f4nicas de Al\u00e9m-T\u00famulo\u201d.<\/p>\n<p><strong>30\/06<\/strong><br \/>\nFundada no Rio de Janeiro, em 1953, a Sociedade Pr\u00f3 \u2013 Livro Esp\u00edrita em Braille.[\/vc_column_text][\/vc_tta_section][vc_tta_section title=&#8221;Julho&#8221; tab_id=&#8221;1492548461267-370c4e5c-0152&#8243;][vc_column_text]\n<h1 style=\"text-align: center;\"><span style=\"color: #099ba3;\">JULHO<\/span><\/h1>\n<p><strong>01\/07<\/strong><br \/>\n\u00c9 lan\u00e7ado em Salvador o Eco d\u2019Al\u00e9m T\u00famulo, primeiro jornal esp\u00edrita do Brasil, em 1869. Foi criado por Luiz Ol\u00edmpio T. de Menezes.<\/p>\n<p><strong>06\/07<\/strong><br \/>\nEm 1932, vem a lume a primeira edi\u00e7\u00e3o de Parnaso do Al\u00e9m T\u00famulo, psicografado por Chico Xavier, reunindo poetas luso-brasileiros, a atestar a sobreviv\u00eancia da alma.<\/p>\n<p><strong>07\/07<\/strong><br \/>\nDesencarna em 1930, Sir Arthur Conan Doyle, que pesquisou os fen\u00f4menos medi\u00fanicos, deixando-nos a monumental obra Hist\u00f3ria do Espiritismo.<\/p>\n<p><strong>08\/07<\/strong><br \/>\nEm 1927, Chico Xavier participa de sua primeira reuni\u00e3o esp\u00edrita, tendo nessa ocasi\u00e3o psicografado a primeira mensagem.<\/p>\n<p><strong>09\/07<\/strong><br \/>\nEm 1918, desencarna em N\u00e1poles, It\u00e1lia, Eus\u00e1pia Paladino, que foi m\u00e9dium de efeitos especiais e se submeteu a in\u00fameros testes de investiga\u00e7\u00e3o.<\/p>\n<p>\u00c9 fundada, em 1936, a Federa\u00e7\u00e3o Esp\u00edrita do Estado de S\u00e3o Paulo.<\/p>\n<p>\u00c9 lan\u00e7ado em Recife o jornal O Guia, em 1889.<\/p>\n<p><strong>12\/07<\/strong><br \/>\n\u00c9 fundada, em 1936, a Federa\u00e7\u00e3o Esp\u00edrita do Estado de S\u00e3o Paulo.<\/p>\n<p><strong>14\/07<\/strong><br \/>\nDesencarna, em 1942, Manoel Philomeno Batista da Miranda, destacado divulgador esp\u00edrita.<\/p>\n<p><strong>17\/07<\/strong><br \/>\nDe 17 a 23\/07\/1948 ocorre no Rio de Janeiro, com a lideran\u00e7a de Leopoldo Machado, o Primeiro Congresso de Mocidades e Juventudes Esp\u00edritas do Brasil. Dona Daisy J. Machado \u00fanica representante de Campinas.<\/p>\n<p><strong>26\/07<\/strong><br \/>\nDesencarna, no dia 26\/07\/1880, John Wilmot, mais conhecido como Conde de Rochester.<\/p>\n<p>Nasce em Salvador, Bahia, em 1825, Luiz Ol\u00edmpio T. de Menezes, um dos pioneiros do espiritismo no Brasil, fundou o Grupo Familiar do Espiritismo, em 17\/09\/1865.<\/p>\n<p>\u00c9 lan\u00e7ado o selo comemorativo do I Centen\u00e1rio da Imprensa Esp\u00edrita do Brasil, em 1969.<\/p>\n<p><strong>30\/07<\/strong><br \/>\nO marechal-do-ar Hugh Dowding solicita ao Parlamento Ingl\u00eas o reconhecimento do espiritismo como religi\u00e3o na Inglaterra, o que foi aceito, em 1952.[\/vc_column_text][\/vc_tta_section][vc_tta_section title=&#8221;Agosto&#8221; tab_id=&#8221;1492548559139-d9a63f4a-f12f&#8221;][vc_column_text]\n<h1 style=\"text-align: center;\"><span style=\"color: #099ba3;\">AGOSTO<\/span><\/h1>\n<p><strong>01\/08<\/strong><br \/>\nLan\u00e7ada a obra O C\u00e9u e o Inferno, de Allan Kardec, em 1865.<\/p>\n<p><strong>03\/08<\/strong><br \/>\nEm 1895, Bezerra de Menezes assume a presid\u00eancia da Federa\u00e7\u00e3o Esp\u00edrita Brasileira.<\/p>\n<p><strong>04\/08<\/strong><br \/>\nDesencarna,em 1969, o advogado Carlos Imbassahy, em Niter\u00f3i, com 86 anos. Ele que era conferencista, escritor e doutrinador esp\u00edrita.<\/p>\n<p><strong>09\/08<\/strong><br \/>\nDesencarna,em 1969 o advogado Carlos Imbassahy, em Niter\u00f3i, aos 86 anos.<\/p>\n<p><strong>15\/08<\/strong><br \/>\nFundada em Salvador, Bahia, em 1952, a \u201cMans\u00e3o do Caminho\u201d, institui\u00e7\u00e3o de amparo e educa\u00e7\u00e3o \u00e0s crian\u00e7as.<\/p>\n<p>Fundada a Editora O Clarim por Cairbar Schutel, em Mat\u00e3o, SP, em 1905. No mesmo dia, come\u00e7a a circular o jornal O Clarim.<\/p>\n<p><strong>16\/08<\/strong><br \/>\nEm 1886, Bezerra de Menezes, durante uma confer\u00eancia que pronunciava, exp\u00f5e publicamente, pela primeira vez, sua f\u00e9 no Espiritismo.<\/p>\n<p><strong>19\/08<\/strong><br \/>\nLan\u00e7ado o primeiro programa esp\u00edrita radiof\u00f4nico do Brasil, por Cairbar Schutel, em Araraquara, SP, em 1936.<\/p>\n<p><strong>22\/08<\/strong><br \/>\nDesencarna em Nova Igua\u00e7u, RJ, em 1957, o prof. Leopoldo Machado Barbosa.Foi grande propagandista do espiritismo em todo o Brasil, respons\u00e1vel pelo 1\u00ba Congresso de Mocidades Esp\u00edritas do Pa\u00eds. Fez parte da Caravana da Fraternidade , voltada para a unifica\u00e7\u00e3o do espiritismo no Brasil.<\/p>\n<p><strong>28\/08<\/strong><br \/>\n\u00c9 oficializada, em 1881, a persegui\u00e7\u00e3o ao Espiritismo, com a publica\u00e7\u00e3o, pela Imprensa, de ordem policial proibindo o funcionamento das sociedades esp\u00edritas.<br \/>\nRealizada a primeira exposi\u00e7\u00e3o esp\u00edrita do Brasil, em 1882,com mostra de v\u00e1rios trabalhos medi\u00fanicos e material doutrin\u00e1rio em geral.<\/p>\n<p><strong>29\/08<\/strong><br \/>\nNasce na freguesia do Riacho do Sangue, Cear\u00e1, em 1831, o eminente \u201cm\u00e9dico dos pobres\u201d, Dr. Adolfo Bezerra de Menezes.<\/p>\n<p><strong>30\/08<\/strong><br \/>\nFundada em Lisboa, Portugal, a Federa\u00e7\u00e3o Esp\u00edrita Portuguesa, em 1926.[\/vc_column_text][\/vc_tta_section][vc_tta_section title=&#8221;Setembro&#8221; tab_id=&#8221;1492548609264-c7b0b5af-bf4c&#8221;][vc_column_text]\n<h1 style=\"text-align: center;\"><span style=\"color: #099ba3;\">SETEMBRO<\/span><\/h1>\n<p><strong>06\/09<\/strong><br \/>\nRealiza-se, em 1881, o 1\u00ba Congresso Esp\u00edrita do Brasil, a fim de reunir-se e orientar as entidades ent\u00e3o existentes.<\/p>\n<p>Em 1881, o Imperador Dom Pedro II recebe uma comiss\u00e3o de esp\u00edritas no Rio de Janeiro que lhe entrega um documento narrando as persegui\u00e7\u00f5es sofridas e pedindo justi\u00e7a.<\/p>\n<p><strong>08\/09<\/strong><br \/>\nEm 1886 \u00e9 realizado o 1\u00ba Congresso Esp\u00edrita Internacional, em Barcelona, Espanha.<\/p>\n<p><strong>22\/09<\/strong><br \/>\nNasce no Rio de Janeiro, em 1868, Cairbar de Souza Schutel, grande divulgador da doutrina esp\u00edrita e m\u00e9dium receitista. Considerado o \u201cPai da Pobreza\u201d de Mat\u00e3o. Foi pioneiro na divulga\u00e7\u00e3o da Doutrina pelo r\u00e1dio.<\/p>\n<p><strong>25\/09<\/strong><br \/>\nNasce na Prov\u00edncia de Avar\u00e9, S\u00e3o Paulo, em 1914, o Professor Jos\u00e9 Herculano Pires, fil\u00f3sofo, parapsic\u00f3logo, escritor, jornalista e conferencista esp\u00edrita.<br \/>\nTem in\u00edcio, em 1926, o 1\u00ba Congresso Brasileiro de Homeopatia, sob a presid\u00eancia do Dr. Dias da Cruz.<\/p>\n<p><strong>30\/09<\/strong><br \/>\nDesencarna no Rio de Janeiro, em 1937, aos 84 anos, Francisco de Menezes Dias da Cruz, m\u00e9dico humanit\u00e1rio, presidente da FEB e grande incentivador da homeopatia.[\/vc_column_text][\/vc_tta_section][vc_tta_section title=&#8221;Outubro&#8221; tab_id=&#8221;1492548656602-e3690ba6-a42c&#8221;][vc_column_text]\n<h1 style=\"text-align: center;\"><span style=\"color: #099ba3;\">OUTUBRO<\/span><\/h1>\n<p><strong>02\/10<\/strong><br \/>\nSegundo Congresso Esp\u00edrita Mundial se realiza em Portugal de 2 a 5 de Outubro (1998).<\/p>\n<p><strong>03\/10<\/strong><br \/>\nReencarne, em 1804, em Lyon, Fran\u00e7a, o professor Denizard Hippolyte L\u00e9on Rivail, codificador da doutrina Esp\u00edrita.Autor de in\u00fameros livros de cultura, tradutor, membro de diversas Academias e Sociedades Culturais. Mais tarde , adotando o pseud\u00f4nimo de Allan Kardec, o Codificador do Espiritismo<\/p>\n<p><strong>05\/10<\/strong><br \/>\n\u00c9 assinado, em 1949, na FEB, Rio de Janeiro, o Pacto \u00c1ureo, objetivando o fortalecimento e a uni\u00e3o dos esp\u00edritas. Fruto de in\u00fameras viagens de sua comiss\u00e3o organizadora.Criando o Conselho Federativo Esp\u00edrita, como \u00f3rg\u00e3o de Unifica\u00e7\u00e3o do Espiritismo no Brasil.<\/p>\n<p><strong>09\/10<\/strong><br \/>\n\u00c9 realizado em 1861 o Auto de F\u00e9 em Barcelona, Espanha, ato inquisitorial da Igreja que queimou, em pra\u00e7a p\u00fablica, cerca de 300 volumes de obras esp\u00edritas, enviadas por Allan Kardec ao seu amigo Maurice Lach\u00e2tre, livreiro. Este epis\u00f3dio ficou conhecido como o Auto de F\u00e9 de Barcelona<\/p>\n<p><strong>11\/10<\/strong><br \/>\nDesencarna, em 1966, Pedro de Camargo, conhecido pelo pseud\u00f4nimo de Vinicius, dedicado obreiro esp\u00edrita. Como escritor voltou-se, de forma especial, para a tarefa de evangeliza\u00e7\u00e3o.<\/p>\n<p><strong>18\/10<\/strong><br \/>\nNasce na cidade mineira de Congonhas do Campo, em 1921, Jos\u00e9 Pedro de Freitas, apelidado de Arig\u00f3.<\/p>\n<p><strong>19\/10<\/strong><br \/>\nDesencarna em Turim, It\u00e1lia, em 1909, C\u00e9sar Lombroso, criminalista famoso, escritor e experimentador esp\u00edrita.<\/p>\n<p><strong>26\/10<\/strong><br \/>\nDesencarna no Rio de Janeiro, em 1943, Lu\u00eds Ol\u00edmpio Guilon Ribeiro. Escritor e tradutor esp\u00edrita, foi tamb\u00e9m presidente da Federa\u00e7\u00e3o Esp\u00edrita Brasileira.<\/p>\n<p><strong>27\/10<\/strong><br \/>\nEm 1937, a Federa\u00e7\u00e3o Esp\u00edrita Brasileira, sem motivo algum, \u00e9 fechada durante 72 horas, por ordem policial.<\/p>\n<p><strong>29\/10<\/strong><br \/>\nFundada em Bras\u00edlia, em 1999, a ABRAME &#8211; Associa\u00e7\u00e3o Brasileira dos Magistrados Esp\u00edritas.[\/vc_column_text][\/vc_tta_section][vc_tta_section title=&#8221;Novembro&#8221; tab_id=&#8221;1492548715454-0fbeb004-76b4&#8243;][vc_column_text]\n<h1 style=\"text-align: center;\"><span style=\"color: #099ba3;\">NOVEMBRO<\/span><\/h1>\n<p><strong>01\/11<\/strong><br \/>\nDesencarna em Sacramento, Minas Gerais, em 1918, Eur\u00edpedes Barsanulfo. Crist\u00e3o dos mais aut\u00eanticos, foi esp\u00edrita ativo e m\u00e9dium. Cognativo o Ap\u00f3stolo do Tri\u00e2ngulo Mineiro.<\/p>\n<p><strong>04\/11<\/strong><br \/>\nAm\u00e1lia Domingo Soler, extraordin\u00e1ria figura do Espiritismo na Espanha deixou publicados os livros \u201cMem\u00f3rias do Padre Germano\u201d, \u201cPerd\u00f4o-te\u201d, \u201cRamos de Violetas\u201d, \u201cO Espiritismo\u201d, etc. Dirigiu as revistas \u201cA Luz do Porvir\u201d e \u201cO Eco da Verdade\u201d. Nasceu em Servilha, em 1835 e desencarnou em Barcelona, em 1909.<\/p>\n<p><strong>05\/11<\/strong><br \/>\nEm 1414, inicia-se o Conc\u00edlio de Constan\u00e7a, que julga como herege e condena \u00e0 morte pela fogueira o reformador tcheco Johann Huss &#8211; nascido em 1369 em Hussinec.<\/p>\n<p><strong>06\/11<\/strong><br \/>\nNasce em Verona, It\u00e1lia, em 1835, C\u00e9sar Lombroso, pesquisador e escritor esp\u00edrita. Realizada em Porto Alegre, RS, a 1\u00aaExposi\u00e7\u00e3o de Jornais, Revistas e Obras Esp\u00edritas, em 1940.<\/p>\n<p><strong>10\/11<\/strong><br \/>\nReencarna, em 1923, o m\u00e9dium J\u00f5ao Nunes Maia.Reencarna em Servilha, Espanha, em 1835, Am\u00e1lia Domingos Soler, vulto de grande destaque no espiritismo daquelas terras.<\/p>\n<p><strong>12\/11<\/strong><br \/>\nReecarnou no Rio de Janeiro, em1889, Henrique Andrade, que se destacou pela sua atua\u00e7\u00e3o como defensor e propagador da obra codificada por Allan Kardec. Junto com outros confrades fundou o jornal esp\u00edrita \u201cMundo Esp\u00edrita\u201d, que depois foi transferido para a Federa\u00e7\u00e3o Esp\u00edrita do Paran\u00e1, constava de sua equipe Dr. Lins de Vasconcelos, Carlos Imbassahy, Deolindo Amorim e Francisco Kl\u00f6rs Werneck.<\/p>\n<p><strong>14\/11<\/strong><br \/>\nAs irm\u00e3s Fox realizam as primeiras demonstra\u00e7\u00f5es p\u00fablicas de suas faculdades medi\u00fanicas no Corinthian Hall, em Rochester, no ano de 1849.<br \/>\nReencarna na Bahia, em 1876, Manoel Philomeno Batista de Miranda. Esp\u00edrita de proje\u00e7\u00e3o permanece atuando no movimento atrav\u00e9s da mediunidade de Divaldo P. Franco, tendo j\u00e1 ditado v\u00e1rias obras.<\/p>\n<p><strong>20\/11<\/strong><br \/>\nDesencarna no Rio de Janeiro, em 1910, o marechal Raimundo Ewerton Quadros, primeiro presidente da Federa\u00e7\u00e3o Esp\u00edrita Brasileira.<\/p>\n<p><strong>23\/11<\/strong><br \/>\nReencarna, em 1795, em Thiais, Fran\u00e7a, a professora de Belas-Artes e Letras Am\u00e9lie Gabrielle de la Combe Boudet-Rivail, esposa e colaboradora de Allan Kardec.<br \/>\n\u00c9 descoberto em Hydesville, EUA, nos escombros de uma adega, o esqueleto do mascate ali assassinado. Comprovam-se, assim as informa\u00e7\u00f5es pelas irm\u00e3s Fox em 1848.[\/vc_column_text][\/vc_tta_section][vc_tta_section title=&#8221;Dezembro&#8221; tab_id=&#8221;1492548775703-b3fb6875-061f&#8221;][vc_column_text]\n<h1 style=\"text-align: center;\"><span style=\"color: #099ba3;\">DEZEMBRO<\/span><\/h1>\n<p><strong>02\/12<\/strong><br \/>\nReencarna no estado da Bahia , em 1866, Jos\u00e9 Florentino de Sena, conhecido como Jos\u00e9 Petitinga.<br \/>\nReencarna em Milevsko, Tchecoslov\u00e1quia, em 1866, Frederico Figner. Estabeleceu-se no Brasil, onde se destacou como industrial. Como esp\u00edrita, atuou em v\u00e1rios setores da Federa\u00e7\u00e3o Esp\u00edrita Brasileira. Pela mediunidade de Chico Xavier ditou, do al\u00e9m, a obra \u201cVoltei\u201d, usando o pseud\u00f4nimo de Irm\u00e3o Jacob.<br \/>\nDesencarna em Paris, Fran\u00e7a, o livreiro e editor Didier, em 1865. Foi o respons\u00e1vel pela primeira edi\u00e7\u00e3o dos livros de Allan Kardec e membro da Sociedade Esp\u00edrita de Paris.<\/p>\n<p><strong>07\/12<\/strong><br \/>\nEm Lisboa, Portugal, na manh\u00e3 de 1953, a policia de Salazar invadiu, de s\u00fabito, a sede da Federa\u00e7\u00e3o Esp\u00edrita Portuguesa, confiscando todos os bens e propriedades, entregando-os gratuitamente \u00e0 Santa Casa de Miseric\u00f3rdia que, por sua vez, os entregou \u00e0 organiza\u00e7\u00e3o cat\u00f3lica Casa Pia de Lisboa. A fabulosa biblioteca, com um acervo de mais de 12.000 volumes, foi total e imediatamente destru\u00edda&#8230;<\/p>\n<p><strong>10\/12<\/strong><br \/>\nInaugurada no Rio de Janeiro, em 1911, a sede pr\u00f3pria da Federa\u00e7\u00e3o Esp\u00edrita Brasileira, por Leopoldo Cirne.<\/p>\n<p><strong>11\/12<\/strong><br \/>\nAllan Kardec recebe a revela\u00e7\u00e3o medi\u00fanica, em 1855, de que Z\u00e9firo era seu esp\u00edrito protetor.<br \/>\nReencarna Joana Ang\u00e9lica, em Salvador, Bahia, em 1761. \u00c9 uma das encarna\u00e7\u00f5es conhecidas de Joanna de \u00c2ngelis, na qual foi abadessa no Convento da Lapa.<br \/>\nEm 1847, a fam\u00edlia Fox transfere-se para Hydesville, passando a morar na casa que ser\u00e1 palco dos memor\u00e1veis fen\u00f4menos de efeitos f\u00edsicos.<\/p>\n<p><strong>12\/12<\/strong><br \/>\nDia da B\u00edblia. Em 12 de Dezembro comemora-se o dia da B\u00edblia. Para conhecer mais sobre a B\u00edlblia, especialmente sobre o Evangelho de Jesus (Novo Testamento), recomendamos a leitura do livro &#8220;Estudos Esp\u00edritas do Evangelho&#8221;, de autoria da Professora Therezinha Oliveira.<\/p>\n<p><strong>15\/12<\/strong><br \/>\nReencarna, em 1839, L\u00e1zaro Lu\u00eds Zamenhof, o criador do Esperanto.<\/p>\n<p><strong>16\/12<\/strong><br \/>\nEm 1868, segundo depoimentos de Lord Adare e de Lord Lindsey, o c\u00e9lebre m\u00e9dium de efeitos f\u00edsicos Daniel Dunglas Home flutuou do quarto para a sala de estar, passando pelas janelas, a 70 p\u00e9s de altura da rua, voltando depois ao local de origem.<\/p>\n<p><strong>19\/12<\/strong><br \/>\nEm 1939, o m\u00e9dium Chico Xavier tem por conclu\u00edda a obra medi\u00fanica \u201c50 anos Depois\u201d , continua\u00e7\u00e3o do romance hist\u00f3rico \u201cH\u00e1 dois Mil Anos\u201d, ditado pelo Esp\u00edrito Emmanuel, que neste relato diz ter sido o escravo Nest\u00f3rio.<\/p>\n<p><strong>25\/12<\/strong><br \/>\n\u00c9 fundada e Federa\u00e7\u00e3o Esp\u00edrita da Bahia, em 1915, em Salvador.[\/vc_column_text][\/vc_tta_section][\/vc_tta_pageable][\/vc_column][\/vc_row]\n","protected":false},"excerpt":{"rendered":"[vc_row][vc_column][vc_column_text] Datas marcantes [\/vc_column_text][\/vc_column][\/vc_row][vc_row][vc_column][vc_tta_pageable no_fill_content_area=&#8221;1&#8243; active_section=&#8221;5&#8243; tab_position=&#8221;top&#8221;][vc_tta_section title=&#8221;Janeiro&#8221; tab_id=&#8221;1492542639341-dc4f6f2c-da94&#8243;][vc_column_text] JANEIRO 01\/01 \u00c9 fundada por Allan Kardec, em 1858, a Revista Esp\u00edrita, publica\u00e7\u00e3o mensal que apresentava a situa\u00e7\u00e3o mundial do Espiritismo, assim como textos e comunica\u00e7\u00f5es medi\u00fanicas sobre assuntos diversos do movimento. Nasce, em 1846, L\u00e9on Denis, autor de v\u00e1rias obras esp\u00edritas. \u00c9 considerado o grande [&hellip;]\n","protected":false},"author":1,"featured_media":0,"parent":0,"menu_order":0,"comment_status":"closed","ping_status":"closed","template":"page-blank-container.php","meta":[],"_links":{"self":[{"href":"https:\/\/ceak.org.br\/ceak\/wp-json\/wp\/v2\/pages\/612"}],"collection":[{"href":"https:\/\/ceak.org.br\/ceak\/wp-json\/wp\/v2\/pages"}],"about":[{"href":"https:\/\/ceak.org.br\/ceak\/wp-json\/wp\/v2\/types\/page"}],"author":[{"embeddable":true,"href":"https:\/\/ceak.org.br\/ceak\/wp-json\/wp\/v2\/users\/1"}],"replies":[{"embeddable":true,"href":"https:\/\/ceak.org.br\/ceak\/wp-json\/wp\/v2\/comments?post=612"}],"version-history":[{"count":0,"href":"https:\/\/ceak.org.br\/ceak\/wp-json\/wp\/v2\/pages\/612\/revisions"}],"wp:attachment":[{"href":"https:\/\/ceak.org.br\/ceak\/wp-json\/wp\/v2\/media?parent=612"}],"curies":[{"name":"wp","href":"https:\/\/api.w.org\/{rel}","templated":true}]}}