{"id":331,"date":"2016-12-01T17:49:47","date_gmt":"2016-12-01T19:49:47","guid":{"rendered":"http:\/\/ceak.own.com.br\/ee\/?page_id=331"},"modified":"2023-07-30T16:14:52","modified_gmt":"2023-07-30T19:14:52","slug":"jovens","status":"publish","type":"page","link":"https:\/\/ceak.org.br\/ee\/jovens\/","title":{"rendered":"Jovens"},"content":{"rendered":"[vc_row][vc_column][vc_column_text]\n<h1>Jovens<\/h1>\n[\/vc_column_text][\/vc_column][\/vc_row][vc_row][vc_column width=&#8221;1\/2&#8243;][vc_column_text]Adolescentes e jovens de 15 a 24 anos e 11 meses podem participar do Servi\u00e7o de Conviv\u00eancia e Fortalecimentos de V\u00ednculos (SCFV) e dos Centros de Conviv\u00eancia Inclusivos e Intergeracionais (CCII).<br \/>\nPriorizamos o atendimento aos adolescentes e jovens da regi\u00e3o norte do munic\u00edpio de Campinas, referenciados pelo Centro de Refer\u00eancia da Assist\u00eancia Social (CRAS) (PAIF)\/ DAS e por outros servi\u00e7os de rede socioassistencal, ou \u00f3rg\u00e3os e pol\u00edticas p\u00fablicas (sa\u00fade, educa\u00e7\u00e3o e outros) e advindos de articula\u00e7\u00e3o intersetorial. Tamb\u00e9m atendemos adolescentes e jovens que busquem diretamente nossos servi\u00e7os, ou que venham encaminhados pela Prote\u00e7\u00e3o Social Especial, \u00f3rg\u00e3os de defesa\/sistema de garantia de direitos e alta complexidade, em especial:<\/p>\n<p style=\"padding-left: 30px;\">Adolescentes pertencentes \u00e0s fam\u00edlias benefici\u00e1rias de programas de transfer\u00eancia de renda;<\/p>\n<p style=\"padding-left: 30px;\">Adolescentes egressos de medida socioeducativa de interna\u00e7\u00e3o ou em cumprimento de outras medidas socioeducativas em meio aberto;<\/p>\n<p style=\"padding-left: 30px;\">Adolescentes em cumprimento ou egressos de medida de prote\u00e7\u00e3o do Estatuto da Crian\u00e7a e do Adolescente (ECA, 1990);<\/p>\n<p style=\"padding-left: 30px;\">Adolescentes do Programa de Erradica\u00e7\u00e3o do Trabalho Infantil (PETI) ou adolescentes egressos ou vinculados a programas de combate \u00e0 viol\u00eancia e ao abuso e \u00e0 explora\u00e7\u00e3o sexual;<\/p>\n<p style=\"padding-left: 30px;\">Adolescentes de fam\u00edlias com perfil de programas de transfer\u00eancia de renda;<br \/>\nAdolescentes com defici\u00eancia, em especial benefici\u00e1rios do BPC;<\/p>\n<p style=\"padding-left: 30px;\">Adolescentes fora da escola.<\/p>\n<p>Entre em contato e saiba mais[\/vc_column_text][\/vc_column][vc_column width=&#8221;1\/2&#8243;][vc_single_image image=&#8221;270&#8243; img_size=&#8221;full&#8221; alignment=&#8221;right&#8221; style=&#8221;vc_box_shadow_3d&#8221; css_animation=&#8221;bottom-to-top&#8221;][\/vc_column][\/vc_row][vc_row][vc_column][vc_empty_space height=&#8221;15px&#8221;][vc_separator][vc_empty_space height=&#8221;15px&#8221;][\/vc_column][\/vc_row][vc_row][vc_column width=&#8221;1\/2&#8243;][vc_single_image image=&#8221;268&#8243; img_size=&#8221;full&#8221; style=&#8221;vc_box_shadow_3d&#8221; css_animation=&#8221;bottom-to-top&#8221;][\/vc_column][vc_column width=&#8221;1\/2&#8243;][vc_column_text]\n<h2>Objetivos do SCFV\/ CCII<\/h2>\n<p>Favorecer o fortalecimento de v\u00ednculos familiares e comunit\u00e1rios, atrav\u00e9s de encontros entre a fam\u00edlia, entidade e usu\u00e1rios, visando o fortalecimento das rela\u00e7\u00f5es sociais, afetivas, solid\u00e1rias e respeito m\u00fatuo;<\/p>\n<p>Propiciar aos usu\u00e1rios acesso aos servi\u00e7os socioassistenciais e benef\u00edcios oferecidos pelas pol\u00edticas p\u00fablicas nas \u00e1reas de assist\u00eancia social, sa\u00fade, educa\u00e7\u00e3o, seguran\u00e7a, mercado de trabalho e associa\u00e7\u00e3o de bairros;<\/p>\n<p>Cadastrar usu\u00e1rios e fam\u00edlias nos programas socioassistenciais, principalmente no referenciamento e contrarreferenciamento dos Equipamentos P\u00fablicos (CRAS);<\/p>\n<p>Proporcionar atividades art\u00edsticas e culturais que estimulem o desenvolvimento de potencialidades, habilidades, talentos, capacidade f\u00edsica e motora, express\u00e3o e cultura corporal;<\/p>\n<p>Oportunizar a viv\u00eancia de atividades esportivas visando desenvolvimento f\u00edsico, intera\u00e7\u00e3o, h\u00e1bitos saud\u00e1veis, senso de responsabilidade social e manuten\u00e7\u00e3o da sa\u00fade;<\/p>\n<p>Desenvolver jogos que estimulem o senso de coopera\u00e7\u00e3o, respeito m\u00fatuo, capacidade cognitiva e responsabilidade social;<\/p>\n<p>Promover a inclus\u00e3o e a perman\u00eancia do usu\u00e1rio no sistema de ensino formal;<\/p>\n<p>Incentivar a autonomia consciente e autoestima capacitando o participante em seus comportamentos e atitudes. Trabalhar com valores pessoais positivos com respeito \u00e0 vida, comprometimento e responsabilidade.<\/p>\n<p>Proporcionar atividades esportivas, culturais e de lazer aos usu\u00e1rios e promover a\u00e7\u00f5es de preserva\u00e7\u00e3o do meio ambiente;<\/p>\n<p>Despertar iniciativa e motiva\u00e7\u00e3o para pr\u00e1ticas profissionalizantes atrav\u00e9s das viv\u00eancias nas oficinas socioeducativas, incitando os adolescentes a definir sua \u00e1rea de aptid\u00e3o;[\/vc_column_text][\/vc_column][\/vc_row]\n","protected":false},"excerpt":{"rendered":"[vc_row][vc_column][vc_column_text] Jovens [\/vc_column_text][\/vc_column][\/vc_row][vc_row][vc_column width=&#8221;1\/2&#8243;][vc_column_text]Adolescentes e jovens de 15 a 24 anos e 11 meses podem participar do Servi\u00e7o de Conviv\u00eancia e Fortalecimentos de V\u00ednculos (SCFV) e dos Centros de Conviv\u00eancia Inclusivos e Intergeracionais (CCII). Priorizamos o atendimento aos adolescentes e jovens da regi\u00e3o norte do munic\u00edpio de Campinas, referenciados pelo Centro de Refer\u00eancia da Assist\u00eancia [&hellip;]\n","protected":false},"author":1,"featured_media":0,"parent":0,"menu_order":0,"comment_status":"closed","ping_status":"closed","template":"page-blank-container.php","meta":[],"_links":{"self":[{"href":"https:\/\/ceak.org.br\/ee\/wp-json\/wp\/v2\/pages\/331"}],"collection":[{"href":"https:\/\/ceak.org.br\/ee\/wp-json\/wp\/v2\/pages"}],"about":[{"href":"https:\/\/ceak.org.br\/ee\/wp-json\/wp\/v2\/types\/page"}],"author":[{"embeddable":true,"href":"https:\/\/ceak.org.br\/ee\/wp-json\/wp\/v2\/users\/1"}],"replies":[{"embeddable":true,"href":"https:\/\/ceak.org.br\/ee\/wp-json\/wp\/v2\/comments?post=331"}],"version-history":[{"count":1,"href":"https:\/\/ceak.org.br\/ee\/wp-json\/wp\/v2\/pages\/331\/revisions"}],"predecessor-version":[{"id":2241,"href":"https:\/\/ceak.org.br\/ee\/wp-json\/wp\/v2\/pages\/331\/revisions\/2241"}],"wp:attachment":[{"href":"https:\/\/ceak.org.br\/ee\/wp-json\/wp\/v2\/media?parent=331"}],"curies":[{"name":"wp","href":"https:\/\/api.w.org\/{rel}","templated":true}]}}