{"id":281,"date":"2016-08-19T03:39:47","date_gmt":"2016-08-19T06:39:47","guid":{"rendered":"http:\/\/ceak.own.com.br\/iphc\/?page_id=281"},"modified":"2021-03-15T20:42:26","modified_gmt":"2021-03-15T23:42:26","slug":"assistencia-social","status":"publish","type":"page","link":"https:\/\/ceak.org.br\/iphc\/assistencia-social\/","title":{"rendered":"Assist\u00eancia Social"},"content":{"rendered":"[vc_row][vc_column][vc_empty_space][\/vc_column][\/vc_row][vc_row][vc_column][vc_column_text]\n<h1>ASSIST\u00caNCIA SOCIAL<\/h1>\n[\/vc_column_text][\/vc_column][\/vc_row][vc_row][vc_column width=&#8221;1\/2&#8243;][vc_column_text css_animation=&#8221;none&#8221;]\n<h2>Conviv\u00eancia e Fortalecimento de V\u00ednculos<\/h2>\n<p>O\u00a0Instituto Popular Humberto de Campos (IPHC) executa o Servi\u00e7o de Conviv\u00eancia e Fortalecimento de V\u00ednculos (SCFV), servi\u00e7o socioassistencial com fam\u00edlias residentes em Campinas e que passam por situa\u00e7\u00f5es de vulnerabilidade social.<\/p>\n<p>O trabalho \u00e9 realizado com cerca de 160 crian\u00e7as, na faixa entre 6 e 10 anos de idade, e atinge diretamente as fam\u00edlias, pois promove atividades de conviv\u00eancia e participa\u00e7\u00e3o na vida cotidiana de seus filhos na entidade. Durante o meio per\u00edodo que permanecem no SCFV do IPHC, as crian\u00e7as recebem tr\u00eas refei\u00e7\u00f5es, al\u00e9m de orienta\u00e7\u00f5es de higiene, educa\u00e7\u00e3o de vida cotidiana que proporcionam o conv\u00edvio social e exerc\u00edcio de cidadania. S\u00e3o realizadas oficinas de inform\u00e1tica, artes e artesanato, atividades culturais e brincadeiras diversas.<\/p>\n<p>\u00c0s crian\u00e7as que participam do SCFV \u00e9 assegurada a perman\u00eancia na escola, do 1\u00ba ao 5\u00ba ano do Ensino Fundamental, atrav\u00e9s da parceria com Governo do Estado de S\u00e3o Paulo, que utiliza as instala\u00e7\u00f5es do IPHC para as atividades da Escola Estadual IPHC, no per\u00edodo contr\u00e1rio ao funcionamento do Instituto.<\/p>\n<p>O objetivo do programa \u00e9 a prote\u00e7\u00e3o social, o desenvolvimento global das crian\u00e7as em um ambiente acolhedor e protetor, incentivando-as a conviver e superar a realidade existente no mundo atual, assim como o fortalecimento dos v\u00ednculos afetivos na fam\u00edlia, na comunidade onde vivem e entre outras crian\u00e7as.[\/vc_column_text][\/vc_column][vc_column width=&#8221;1\/2&#8243;][vc_single_image image=&#8221;211&#8243; img_size=&#8221;full&#8221; style=&#8221;vc_box_shadow_3d&#8221; css_animation=&#8221;none&#8221;][\/vc_column][\/vc_row]\n","protected":false},"excerpt":{"rendered":"[vc_row][vc_column][vc_empty_space][\/vc_column][\/vc_row][vc_row][vc_column][vc_column_text] ASSIST\u00caNCIA SOCIAL [\/vc_column_text][\/vc_column][\/vc_row][vc_row][vc_column width=&#8221;1\/2&#8243;][vc_column_text css_animation=&#8221;none&#8221;] Conviv\u00eancia e Fortalecimento de V\u00ednculos O\u00a0Instituto Popular Humberto de Campos (IPHC) executa o Servi\u00e7o de Conviv\u00eancia e Fortalecimento de V\u00ednculos (SCFV), servi\u00e7o socioassistencial com fam\u00edlias residentes em Campinas e que passam por situa\u00e7\u00f5es de vulnerabilidade social. O trabalho \u00e9 realizado com cerca de 160 crian\u00e7as, na faixa entre 6 [&hellip;]\n","protected":false},"author":1,"featured_media":0,"parent":0,"menu_order":0,"comment_status":"closed","ping_status":"closed","template":"page-blank-container.php","meta":[],"_links":{"self":[{"href":"https:\/\/ceak.org.br\/iphc\/wp-json\/wp\/v2\/pages\/281"}],"collection":[{"href":"https:\/\/ceak.org.br\/iphc\/wp-json\/wp\/v2\/pages"}],"about":[{"href":"https:\/\/ceak.org.br\/iphc\/wp-json\/wp\/v2\/types\/page"}],"author":[{"embeddable":true,"href":"https:\/\/ceak.org.br\/iphc\/wp-json\/wp\/v2\/users\/1"}],"replies":[{"embeddable":true,"href":"https:\/\/ceak.org.br\/iphc\/wp-json\/wp\/v2\/comments?post=281"}],"version-history":[{"count":8,"href":"https:\/\/ceak.org.br\/iphc\/wp-json\/wp\/v2\/pages\/281\/revisions"}],"predecessor-version":[{"id":694,"href":"https:\/\/ceak.org.br\/iphc\/wp-json\/wp\/v2\/pages\/281\/revisions\/694"}],"wp:attachment":[{"href":"https:\/\/ceak.org.br\/iphc\/wp-json\/wp\/v2\/media?parent=281"}],"curies":[{"name":"wp","href":"https:\/\/api.w.org\/{rel}","templated":true}]}}